{"id":4924,"date":"2024-02-23T14:15:04","date_gmt":"2024-02-23T14:15:04","guid":{"rendered":"https:\/\/fietsverhuurknokke.be\/standort-ouddorp-zentrum\/"},"modified":"2025-08-14T08:51:59","modified_gmt":"2025-08-14T08:51:59","slug":"standort-knokke-heist","status":"publish","type":"page","link":"https:\/\/fietsverhuurknokke.be\/de\/","title":{"rendered":"Standort-Knokke-Heist"},"content":{"rendered":"<style type=\"text\/css\">\n    .header-heights {\n        height: 65vh;\n    }\n    .header-heights.home {\n        height: 65vh;\n    }\n    @media (max-width: 767px) {\n        .header-heights {\n            height: 30vh;\n        }\n        .header-heights.home {\n            height: 50vh;\n        }\n    }\n<\/style><section class=\"header-img\"><div class=\"img-inner header-heights\" style=\"background-image: url(https:\/\/fietsverhuurknokke.be\/wp-content\/uploads\/2025\/05\/Header-1600x930.avif);\"><div class=\"header_txt\">\n                    <h3>Fahrradverleih Knokke-Heist<\/h3>\n                    <div class=\"txt\"><p>Genie\u00dfen Sie die Umgebung des sch\u00f6nen Knokke-Heist<\/p>\n<\/div><\/div><\/div><\/section>\n\n\n<div class=\"wp-block-columns is-layout-flex wp-container-core-columns-is-layout-9d6595d7 wp-block-columns-is-layout-flex\">\n<div class=\"wp-block-column is-layout-flow wp-block-column-is-layout-flow\" style=\"flex-basis:66.66%\">\n<h1 class=\"wp-block-heading\">Fahrradverleih Knokke-Heist<\/h1>\n\n\n\n<p>Radfahren in Knokke-Heist ist eine wunderbare M\u00f6glichkeit, die wundersch\u00f6ne belgische K\u00fcste und das Hinterland zu erkunden. Sichere Radwege f\u00fchren Sie vorbei am bezaubernden Naturpark Zwin, den ruhigen D\u00fcnen von Het Zoute oder dem gesch\u00e4ftigen Zeedijk. Erkunden Sie das malerische Cadzand-Bad, genie\u00dfen Sie kulinarische Stopps in Strandbars oder radeln Sie in die niederl\u00e4ndische Stadt Sluis, um einen Hauch von Geschichte zu erleben. Von ausgedehnten Poldern bis zu den Luxusboutiquen in Het Zoute bietet jede Route Natur, Kultur und Entspannung. Mieten Sie ein Citybike, E-Bike oder Lastenrad bei Fietsverhuur Knokke am Zeedijk und starten Sie Ihr Abenteuer. Planen Sie Ihre Tour mithilfe des Radknotenpunktsystems und lassen Sie sich von der Vielfalt dieser Region \u00fcberraschen. Steigen Sie auf und erleben Sie Knokke in Ihrem eigenen Tempo!<\/p>\n<\/div>\n\n\n\n<div class=\"wp-block-column is-layout-flow wp-block-column-is-layout-flow\" style=\"flex-basis:33.33%\">\n<h2 class=\"wp-block-heading\">Warum Fahrradverleih Knokke-Heist?<\/h2>\n\n\n\n<ul class=\"wp-block-list\">\n<li>Pannenhilfe inklusive<\/li>\n\n\n\n<li>Lieferservice (Optionen auf Anfrage)<\/li>\n\n\n\n<li>Hochwertige Fahrr\u00e4der<\/li>\n\n\n\n<li>Attraktive Preise<\/li>\n<\/ul>\n<\/div>\n<\/div>\n\n\n<style type='text\/css'>\n        #tz-spacer-69f22dc342bc5 {\n            background-image: url('https:\/\/fietsverhuurknokke.be\/wp-content\/themes\/tz-template\/img\/scheidingslijn.png');\n        }\n    <\/style><div id='tz-spacer-69f22dc342bc5' class='tz-spacer'><\/div>\n\n<div class=\"locatie-block flex\"><div class=\"fietsen col9 flex\"><div class=\"fiets-item \"><div class=\"fiets-inner\"><img decoding=\"async\" src=\"https:\/\/fietsverhuurknokke.be\/wp-content\/uploads\/2025\/05\/E-Bike.avif\" alt=\"\"><h3>E-Bike<\/h3><p class=\"fiets-prijs\">\u20ac 35<\/p><a target=\"_blank\" href=\"\/de\/fahrrad-reservieren\/\" class=\"btn\">Reservieren<\/a><\/div><\/div><div class=\"fiets-item \"><div class=\"fiets-inner\"><img decoding=\"async\" src=\"https:\/\/fietsverhuurknokke.be\/wp-content\/uploads\/2025\/05\/stadsfiets.avif\" alt=\"\"><h3>Fahrrad Basic<\/h3><p class=\"fiets-prijs\">\u20ac 18<\/p><a target=\"_blank\" href=\"\/de\/fahrrad-reservieren\/\" class=\"btn\">Reservieren<\/a><\/div><\/div><div class=\"fiets-item \"><div class=\"fiets-inner\"><img decoding=\"async\" src=\"https:\/\/fietsverhuurknokke.be\/wp-content\/uploads\/2025\/05\/E-Bakfiets.avif\" alt=\"\"><h3>Elektrische Lastenfahrr\u00e4der<\/h3><p class=\"fiets-prijs\">\u20ac 50<\/p><a target=\"_blank\" href=\"\/de\/fahrrad-reservieren\/\" class=\"btn\">Reservieren<\/a><\/div><\/div><div class=\"fiets-item \"><div class=\"fiets-inner\"><img decoding=\"async\" src=\"https:\/\/fietsverhuurknokke.be\/wp-content\/uploads\/2025\/05\/Tandem.avif\" alt=\"\"><h3>Tandem<\/h3><p class=\"fiets-prijs\">\u20ac 36<\/p><a target=\"_blank\" href=\"\/de\/fahrrad-reservieren\/\" class=\"btn\">Reservieren<\/a><\/div><\/div><div class=\"fiets-item \"><div class=\"fiets-inner\"><img decoding=\"async\" src=\"https:\/\/fietsverhuurknokke.be\/wp-content\/uploads\/2025\/05\/Tandem.avif\" alt=\"\"><h3>Elektro-Tandem<\/h3><p class=\"fiets-prijs\">\u20ac 70<\/p><a target=\"_blank\" href=\"\/de\/fahrrad-reservieren\/\" class=\"btn\">Reservieren<\/a><\/div><\/div><p>Sie m\u00fcssen uns nicht im Voraus Bescheid geben, wann Sie Ihr Fahrrad zur\u00fcckgeben. Die Zahlung erfolgt immer bei Ihrer R\u00fcckgabe.<\/p>\n<p>M\u00f6chten Sie Ihr Fahrrad \u00fcber Nacht einlagern?<br \/>\nKein Problem! Geben Sie es am n\u00e4chsten Tag bis 10:30 Uhr zur\u00fcck \u2013 es entstehen Ihnen keine zus\u00e4tzlichen Kosten.<\/p>\n<p>Zubeh\u00f6r wie Fahrradk\u00f6rbe, Spanngurte, Schl\u00f6sser und Kindersitze sind immer inklusive.<\/p>\n<p><\/p>\n<!-- \/wp:post-content --><\/div><div class=\"location col3\"><div class=\"location-wrap\"><div class=\"location-inner\"><div class=\"google-maps-container\"><iframe width=\"100%\" height=\"150\" frameborder=\"0\" style=\"border:0\" src=\"https:\/\/www.google.com\/maps?q=Zeedijk+knokke+667%2C+8300+Knokke-Heist&#038;output=embed\" allowfullscreen loading=\"lazy\" referrerpolicy=\"no-referrer-when-downgrade\"><\/iframe><\/div><div class=\"location-txt\"><h3>Fahrradverleih Knokke-Heist <\/h3><p>Zeedijk knokke 667<\/p><p>8300, Knokke-Heist<\/p><p>0468 006 993<\/p><p><a href=\"mailto:info@rentmybike.be?subject=E-Mail%20gesendet%20%C3%BCber%20Fahrradverleih%20Knokke-Heist%20\">info@rentmybike.be<\/a><\/p><\/div><\/div><div class=\"openingstijden-inner\"><div class=\"openings-txt\"><h3>\u00d6ffnungszeiten<\/h3><p>Montag: <span>09:00 &#8211; 22:00<\/span><\/p><p>Dienstag: <span>09:00 &#8211; 22:00<\/span><\/p><p>Mittwoch: <span>09:00 &#8211; 22:00<\/span><\/p><p>Donnerstag: <span>09:00 &#8211; 22:00<\/span><\/p><p>Freitag: <span>09:00 &#8211; 22:00<\/span><\/p><p>Samstag: <span>09:00 &#8211; 22:00<\/span><\/p><p>Sonntag: <span>09:00 &#8211; 22:00<\/span><\/p><\/div><\/div><\/div><\/div><\/div>\n\n<script>\njQuery(document).ready(function($) {\n    $('#toggle-bikes').click(function() {\n        \/\/ Toggle the state based on the text of the button\n        if ($(this).hasClass('read-more')) {\n            \/\/ Change to \"Read Less\" and show all bikes with animation\n            $(this).text(\"Weniger Fahrr\u00e4der anzeigen\").removeClass('read-more').addClass('read-less');\n            $('.fiets-item.hide-bike').slideDown(); \/\/ Use slideDown for showing with animation\n        } else {\n            \/\/ Change back to \"Read More\" and hide extra bikes with animation\n            $(this).text(\"Alle Fahrr\u00e4der ansehen\").removeClass('read-less').addClass('read-more');\n            \/\/ Hide bikes beyond the initial set with animation\n            if(window.matchMedia('(max-width: 768px)').matches) {\n                \/\/ On mobile, hide bikes starting from the 4th\n                $('.fiets-item:nth-child(n+4)').slideUp(); \/\/ Use slideUp for hiding with animation\n            } else {\n                \/\/ On desktop, hide bikes starting from the 7th\n                $('.fiets-item:nth-child(n+7)').slideUp(); \/\/ Use slideUp for hiding with animation\n            }\n        }\n    });\n\n    \/\/ Set the initial state without animation to avoid visual glitch on page load\n    if(window.matchMedia('(max-width: 768px)').matches) {\n        \/\/ On mobile, show only the first 3 bikes\n        $('.fiets-item:nth-child(n+4)').hide().addClass('hide-bike');\n    } else {\n        \/\/ On desktop, show only the first 6 bikes\n        $('.fiets-item:nth-child(n+7)').hide();\n    }\n});\n<\/script>\n\n<style type='text\/css'>\n        #tz-spacer-69f22dc34e7cf {\n            background-image: url('https:\/\/fietsverhuurknokke.be\/wp-content\/themes\/tz-template\/img\/scheidingslijn.png');\n        }\n    <\/style><div id='tz-spacer-69f22dc34e7cf' class='tz-spacer'><\/div>\n\n\n<h3 class=\"wp-block-heading\">H\u00e4ufig gestellte Fragen zum Fahrradverleih in Knokke-Heist<\/h3>\n\n\n\n<p>Haben Sie Fragen zum Fahrradverleih am Standort Knokke-Heist? Nachfolgend haben wir die am h\u00e4ufigsten gestellten Fragen zu diesem Standort aufgelistet. Sollten Sie noch Fragen haben, k\u00f6nnen Sie den Standort Knokke-Heist \u00fcber die Informationen auf dieser Seite kontaktieren.<\/p>\n\n\n<div >\n                    <div class=\" plethoraplugins-accordion plethoraplugins-theme__minimal plethoraplugins-theme__basic \"   >\n                        <div>\n                            \n<div id=\"wie_mache_ich_eine_reservierung\" class=\"pds-accordion__item pds-js-accordion-item pds-no-js\" data-pds-tabs--initially-open=\"false\" data-pds-tabs--click-to-close=\"true\" data-pds-tabs--auto-close=\"true\" data-pds-tabs--scroll=\"false\" data-pds-tabs--scroll-offset=\"0\"  data-pds-tabs--icon-type=\"\" data-pds-tabs--icon=\"true\"  data-pds-tabs--icon-size=\"\" >\n                    <div id=\"at-wie_mache_ich_eine_reservierung\" class=\"pds-accordion__title pds-js-accordion-controller\" ><span class=\"pds-accordion__heading\" role=\"heading\" aria-level=\"3\">Wie mache ich eine Reservierung?<\/span><span class=\"pds-accordion__icon\" role=\"presentation\" aria-hidden=\"true\"><svg xmlns=\"http:\/\/www.w3.org\/2000\/svg\" viewBox=\"0 0 12 7.4099998\" width=\".75rem\" height=\".75rem\"><path d=\"M12 1.41 10.59 0 6 4.58 1.41 0 0 1.41l6 6z\" fill=\"currentColor\"\/><\/svg><\/span><\/div>\n                    <div id=\"ac-wie_mache_ich_eine_reservierung\" class=\"pds-accordion__content\">\n                        \n\n<p>Klicken Sie auf der Startseite auf die Schaltfl\u00e4che \u201eReservierung\u201c. W\u00e4hlen Sie die Fahrr\u00e4der aus, die Sie reservieren m\u00f6chten, um sofort eine Reservierung vorzunehmen, und klicken Sie auf \u201eWeiter\u201c. Sie erhalten anschlie\u00dfend eine E-Mail zur Best\u00e4tigung der Reservierung Ihrer Fahrr\u00e4der.<\/p>\n\n\n                    <\/div>\n                <\/div>\n\n<div id=\"wo_finde_ich_preise_und_verfgbarkeit\" class=\"pds-accordion__item pds-js-accordion-item pds-no-js\" data-pds-tabs--initially-open=\"false\" data-pds-tabs--click-to-close=\"true\" data-pds-tabs--auto-close=\"true\" data-pds-tabs--scroll=\"false\" data-pds-tabs--scroll-offset=\"0\"  data-pds-tabs--icon-type=\"\" data-pds-tabs--icon=\"true\"  data-pds-tabs--icon-size=\"\" >\n                    <div id=\"at-wo_finde_ich_preise_und_verfgbarkeit\" class=\"pds-accordion__title pds-js-accordion-controller\" ><span class=\"pds-accordion__heading\" role=\"heading\" aria-level=\"3\">Wo finde ich Preise und Verf\u00fcgbarkeit?<\/span><span class=\"pds-accordion__icon\" role=\"presentation\" aria-hidden=\"true\"><svg xmlns=\"http:\/\/www.w3.org\/2000\/svg\" viewBox=\"0 0 12 7.4099998\" width=\".75rem\" height=\".75rem\"><path d=\"M12 1.41 10.59 0 6 4.58 1.41 0 0 1.41l6 6z\" fill=\"currentColor\"\/><\/svg><\/span><\/div>\n                    <div id=\"ac-wo_finde_ich_preise_und_verfgbarkeit\" class=\"pds-accordion__content\">\n                        \n\n<p>W\u00e4hrend des Buchungsvorgangs am gew\u00e4hlten <strong>Standort<\/strong> w\u00e4hlen Sie den Mietzeitraum aus und das System zeigt sofort die verf\u00fcgbaren Fahrr\u00e4der und Preise an. <br>Die Preise k\u00f6nnen je nach Verkaufsstelle variieren.<\/p>\n\n\n                    <\/div>\n                <\/div>\n\n<div id=\"muss_eine_reservierung_sofort_bezahlt_werden\" class=\"pds-accordion__item pds-js-accordion-item pds-no-js\" data-pds-tabs--initially-open=\"false\" data-pds-tabs--click-to-close=\"true\" data-pds-tabs--auto-close=\"true\" data-pds-tabs--scroll=\"false\" data-pds-tabs--scroll-offset=\"0\"  data-pds-tabs--icon-type=\"\" data-pds-tabs--icon=\"true\"  data-pds-tabs--icon-size=\"\" >\n                    <div id=\"at-muss_eine_reservierung_sofort_bezahlt_werden\" class=\"pds-accordion__title pds-js-accordion-controller\" ><span class=\"pds-accordion__heading\" role=\"heading\" aria-level=\"3\">Muss eine Reservierung sofort bezahlt werden?<\/span><span class=\"pds-accordion__icon\" role=\"presentation\" aria-hidden=\"true\"><svg xmlns=\"http:\/\/www.w3.org\/2000\/svg\" viewBox=\"0 0 12 7.4099998\" width=\".75rem\" height=\".75rem\"><path d=\"M12 1.41 10.59 0 6 4.58 1.41 0 0 1.41l6 6z\" fill=\"currentColor\"\/><\/svg><\/span><\/div>\n                    <div id=\"ac-muss_eine_reservierung_sofort_bezahlt_werden\" class=\"pds-accordion__content\">\n                        \n\n<p>Ja, Sie erhalten w\u00e4hrend des Buchungsvorgangs die M\u00f6glichkeit, die Buchung per Online-Banking zu bezahlen. Sobald die Zahlung erfolgt ist, erhalten Sie eine endg\u00fcltige Best\u00e4tigung an die von Ihnen angegebene E-Mail Adresse<\/p>\n\n\n                    <\/div>\n                <\/div>\n\n<div id=\"kann_ich_an_der_abholstelle_mit_ec_karte_bezahlen\" class=\"pds-accordion__item pds-js-accordion-item pds-no-js\" data-pds-tabs--initially-open=\"false\" data-pds-tabs--click-to-close=\"true\" data-pds-tabs--auto-close=\"true\" data-pds-tabs--scroll=\"false\" data-pds-tabs--scroll-offset=\"0\"  data-pds-tabs--icon-type=\"\" data-pds-tabs--icon=\"true\"  data-pds-tabs--icon-size=\"\" >\n                    <div id=\"at-kann_ich_an_der_abholstelle_mit_ec_karte_bezahlen\" class=\"pds-accordion__title pds-js-accordion-controller\" ><span class=\"pds-accordion__heading\" role=\"heading\" aria-level=\"3\">Kann ich an der Abholstelle mit EC-Karte bezahlen?<\/span><span class=\"pds-accordion__icon\" role=\"presentation\" aria-hidden=\"true\"><svg xmlns=\"http:\/\/www.w3.org\/2000\/svg\" viewBox=\"0 0 12 7.4099998\" width=\".75rem\" height=\".75rem\"><path d=\"M12 1.41 10.59 0 6 4.58 1.41 0 0 1.41l6 6z\" fill=\"currentColor\"\/><\/svg><\/span><\/div>\n                    <div id=\"ac-kann_ich_an_der_abholstelle_mit_ec_karte_bezahlen\" class=\"pds-accordion__content\">\n                        \n\n<p>Ja, Sie k\u00f6nnen vor Ort mit allen Bankkarten bezahlen, die das Maestro-Logo tragen.<\/p>\n\n\n                    <\/div>\n                <\/div>\n\n<div id=\"kann_ich_eine_reservierung_stornieren_oder_ndern\" class=\"pds-accordion__item pds-js-accordion-item pds-no-js\" data-pds-tabs--initially-open=\"false\" data-pds-tabs--click-to-close=\"true\" data-pds-tabs--auto-close=\"true\" data-pds-tabs--scroll=\"false\" data-pds-tabs--scroll-offset=\"0\"  data-pds-tabs--icon-type=\"\" data-pds-tabs--icon=\"true\"  data-pds-tabs--icon-size=\"\" >\n                    <div id=\"at-kann_ich_eine_reservierung_stornieren_oder_ndern\" class=\"pds-accordion__title pds-js-accordion-controller\" ><span class=\"pds-accordion__heading\" role=\"heading\" aria-level=\"3\">Kann ich eine Reservierung stornieren oder \u00e4ndern?<\/span><span class=\"pds-accordion__icon\" role=\"presentation\" aria-hidden=\"true\"><svg xmlns=\"http:\/\/www.w3.org\/2000\/svg\" viewBox=\"0 0 12 7.4099998\" width=\".75rem\" height=\".75rem\"><path d=\"M12 1.41 10.59 0 6 4.58 1.41 0 0 1.41l6 6z\" fill=\"currentColor\"\/><\/svg><\/span><\/div>\n                    <div id=\"ac-kann_ich_eine_reservierung_stornieren_oder_ndern\" class=\"pds-accordion__content\">\n                        \n\n<p>Sobald Sie eine Reservierung vorgenommen und bezahlt haben, ist die Reservierung endg\u00fcltig. Sie k\u00f6nnen bei der Reservierung w\u00e4hlen, ob Sie das<strong>  <a href=\"https:\/\/fietsverhuurknokke.be\/wp-content\/uploads\/2024\/03\/FVZ-Zorgeloos-3-talig-2024.pdf\">Sorglos-Unterwegs Paket<\/a>. <\/strong>Bei diesem Paket k\u00f6nnen Sie bis zu 48 Stunden vor Beginn des Mietzeitraums stornieren. Wenn Sie ohne das Carefree on the Road-Paket gebucht haben, ist eine Umbuchung auf Anfrage bis 48 Stunden vor Mietbeginn je nach Verf\u00fcgbarkeit m\u00f6glich.<\/p>\n\n\n                    <\/div>\n                <\/div>\n\n<div id=\"ist_pannenhilfe_whrend_meiner_mietdauer_inbegriffen\" class=\"pds-accordion__item pds-js-accordion-item pds-no-js\" data-pds-tabs--initially-open=\"false\" data-pds-tabs--click-to-close=\"true\" data-pds-tabs--auto-close=\"true\" data-pds-tabs--scroll=\"false\" data-pds-tabs--scroll-offset=\"0\"  data-pds-tabs--icon-type=\"\" data-pds-tabs--icon=\"true\"  data-pds-tabs--icon-size=\"\" >\n                    <div id=\"at-ist_pannenhilfe_whrend_meiner_mietdauer_inbegriffen\" class=\"pds-accordion__title pds-js-accordion-controller\" ><span class=\"pds-accordion__heading\" role=\"heading\" aria-level=\"3\">Ist Pannenhilfe w\u00e4hrend meiner Mietdauer inbegriffen?<\/span><span class=\"pds-accordion__icon\" role=\"presentation\" aria-hidden=\"true\"><svg xmlns=\"http:\/\/www.w3.org\/2000\/svg\" viewBox=\"0 0 12 7.4099998\" width=\".75rem\" height=\".75rem\"><path d=\"M12 1.41 10.59 0 6 4.58 1.41 0 0 1.41l6 6z\" fill=\"currentColor\"\/><\/svg><\/span><\/div>\n                    <div id=\"ac-ist_pannenhilfe_whrend_meiner_mietdauer_inbegriffen\" class=\"pds-accordion__content\">\n                        \n\n<p>Ja, Ihre Reservierung beinhaltet immer Pannenhilfe<\/p>\n\n\n                    <\/div>\n                <\/div>\n\n<div id=\"gibt_es_einen_rabatt_wenn_ich_ein_fahrrad_fr_einen_lngeren_zeitraum_miete\" class=\"pds-accordion__item pds-js-accordion-item pds-no-js\" data-pds-tabs--initially-open=\"false\" data-pds-tabs--click-to-close=\"true\" data-pds-tabs--auto-close=\"true\" data-pds-tabs--scroll=\"false\" data-pds-tabs--scroll-offset=\"0\"  data-pds-tabs--icon-type=\"\" data-pds-tabs--icon=\"true\"  data-pds-tabs--icon-size=\"\" >\n                    <div id=\"at-gibt_es_einen_rabatt_wenn_ich_ein_fahrrad_fr_einen_lngeren_zeitraum_miete\" class=\"pds-accordion__title pds-js-accordion-controller\" ><span class=\"pds-accordion__heading\" role=\"heading\" aria-level=\"3\">Gibt es einen Rabatt, wenn ich ein Fahrrad f\u00fcr einen l\u00e4ngeren Zeitraum miete?<\/span><span class=\"pds-accordion__icon\" role=\"presentation\" aria-hidden=\"true\"><svg xmlns=\"http:\/\/www.w3.org\/2000\/svg\" viewBox=\"0 0 12 7.4099998\" width=\".75rem\" height=\".75rem\"><path d=\"M12 1.41 10.59 0 6 4.58 1.41 0 0 1.41l6 6z\" fill=\"currentColor\"\/><\/svg><\/span><\/div>\n                    <div id=\"ac-gibt_es_einen_rabatt_wenn_ich_ein_fahrrad_fr_einen_lngeren_zeitraum_miete\" class=\"pds-accordion__content\">\n                        \n\n<p>Ja, je l\u00e4nger Sie das Fahrrad mieten, desto g\u00fcnstiger ist der Tagessatz.  <br>Der korrekte Preis f\u00fcr die gew\u00e4hlte Mietdauer wird Ihnen bei der Buchung angezeigt.<\/p>\n\n\n                    <\/div>\n                <\/div>\n\n<div id=\"ist_ein_gruppenrabatt_mglich\" class=\"pds-accordion__item pds-js-accordion-item pds-no-js\" data-pds-tabs--initially-open=\"false\" data-pds-tabs--click-to-close=\"true\" data-pds-tabs--auto-close=\"true\" data-pds-tabs--scroll=\"false\" data-pds-tabs--scroll-offset=\"0\"  data-pds-tabs--icon-type=\"\" data-pds-tabs--icon=\"true\"  data-pds-tabs--icon-size=\"\" >\n                    <div id=\"at-ist_ein_gruppenrabatt_mglich\" class=\"pds-accordion__title pds-js-accordion-controller\" ><span class=\"pds-accordion__heading\" role=\"heading\" aria-level=\"3\">Ist ein Gruppenrabatt m\u00f6glich?<\/span><span class=\"pds-accordion__icon\" role=\"presentation\" aria-hidden=\"true\"><svg xmlns=\"http:\/\/www.w3.org\/2000\/svg\" viewBox=\"0 0 12 7.4099998\" width=\".75rem\" height=\".75rem\"><path d=\"M12 1.41 10.59 0 6 4.58 1.41 0 0 1.41l6 6z\" fill=\"currentColor\"\/><\/svg><\/span><\/div>\n                    <div id=\"ac-ist_ein_gruppenrabatt_mglich\" class=\"pds-accordion__content\">\n                        \n\n<p>Ja, eine Reservierung f\u00fcr gr\u00f6\u00dfere Mengen kann \u00fcber unser <strong>Anfrageformular<\/strong><br><\/p>\n\n\n                    <\/div>\n                <\/div>\n\n<div id=\"miete_ich_ein_fahrrad_auf_eigene_risico\" class=\"pds-accordion__item pds-js-accordion-item pds-no-js\" data-pds-tabs--initially-open=\"false\" data-pds-tabs--click-to-close=\"true\" data-pds-tabs--auto-close=\"true\" data-pds-tabs--scroll=\"false\" data-pds-tabs--scroll-offset=\"0\"  data-pds-tabs--icon-type=\"\" data-pds-tabs--icon=\"true\"  data-pds-tabs--icon-size=\"\" >\n                    <div id=\"at-miete_ich_ein_fahrrad_auf_eigene_risico\" class=\"pds-accordion__title pds-js-accordion-controller\" ><span class=\"pds-accordion__heading\" role=\"heading\" aria-level=\"3\">Miete ich ein Fahrrad auf eigene Risico?<\/span><span class=\"pds-accordion__icon\" role=\"presentation\" aria-hidden=\"true\"><svg xmlns=\"http:\/\/www.w3.org\/2000\/svg\" viewBox=\"0 0 12 7.4099998\" width=\".75rem\" height=\".75rem\"><path d=\"M12 1.41 10.59 0 6 4.58 1.41 0 0 1.41l6 6z\" fill=\"currentColor\"\/><\/svg><\/span><\/div>\n                    <div id=\"ac-miete_ich_ein_fahrrad_auf_eigene_risico\" class=\"pds-accordion__content\">\n                        \n\n<p>W\u00e4hrend des Buchungsvorgangs haben Sie die M\u00f6glichkeit, das Rundum-Sorglos-Reisepaket zu erwerben. Dadurch verringert sich Ihre Selbstbeteiligung im Schadens- oder Diebstahlsfall und Sie haben die M\u00f6glichkeit, zu k\u00fcndigen.<\/p>\n\n\n                    <\/div>\n                <\/div>\n\n<div id=\"ist_es_mglich_fahrrder_liefern_zu_lassen\" class=\"pds-accordion__item pds-js-accordion-item pds-no-js\" data-pds-tabs--initially-open=\"false\" data-pds-tabs--click-to-close=\"true\" data-pds-tabs--auto-close=\"true\" data-pds-tabs--scroll=\"false\" data-pds-tabs--scroll-offset=\"0\"  data-pds-tabs--icon-type=\"\" data-pds-tabs--icon=\"true\"  data-pds-tabs--icon-size=\"\" >\n                    <div id=\"at-ist_es_mglich_fahrrder_liefern_zu_lassen\" class=\"pds-accordion__title pds-js-accordion-controller\" ><span class=\"pds-accordion__heading\" role=\"heading\" aria-level=\"3\">Ist es m\u00f6glich, Fahrr\u00e4der liefern zu lassen?<\/span><span class=\"pds-accordion__icon\" role=\"presentation\" aria-hidden=\"true\"><svg xmlns=\"http:\/\/www.w3.org\/2000\/svg\" viewBox=\"0 0 12 7.4099998\" width=\".75rem\" height=\".75rem\"><path d=\"M12 1.41 10.59 0 6 4.58 1.41 0 0 1.41l6 6z\" fill=\"currentColor\"\/><\/svg><\/span><\/div>\n                    <div id=\"ac-ist_es_mglich_fahrrder_liefern_zu_lassen\" class=\"pds-accordion__content\">\n                        \n\n<p>Ja, das ist m\u00f6glich. Sie k\u00f6nnen Ihre Anfrage \u00fcber unser <a href=\"https:\/\/fietsverhuurknokke.be\/de\/anfrage-zur-lieferung\/\"><strong>Lieferanfrage<\/strong><\/a>. Sie erhalten dann von uns ein entsprechendes Angebot mit den Optionen. Es ist nicht m\u00f6glich, online eine Lieferung zu buchen.<\/p>\n\n\n                    <\/div>\n                <\/div>\n\n<div id=\"was_soll_ich_tun_wenn_ich_mit_mein_leihfahrrad_eine_panne_hat\" class=\"pds-accordion__item pds-js-accordion-item pds-no-js\" data-pds-tabs--initially-open=\"false\" data-pds-tabs--click-to-close=\"true\" data-pds-tabs--auto-close=\"true\" data-pds-tabs--scroll=\"false\" data-pds-tabs--scroll-offset=\"0\"  data-pds-tabs--icon-type=\"\" data-pds-tabs--icon=\"true\"  data-pds-tabs--icon-size=\"\" >\n                    <div id=\"at-was_soll_ich_tun_wenn_ich_mit_mein_leihfahrrad_eine_panne_hat\" class=\"pds-accordion__title pds-js-accordion-controller\" ><span class=\"pds-accordion__heading\" role=\"heading\" aria-level=\"3\">Was soll ich tun, wenn ich mit mein Leihfahrrad eine Panne hat?<\/span><span class=\"pds-accordion__icon\" role=\"presentation\" aria-hidden=\"true\"><svg xmlns=\"http:\/\/www.w3.org\/2000\/svg\" viewBox=\"0 0 12 7.4099998\" width=\".75rem\" height=\".75rem\"><path d=\"M12 1.41 10.59 0 6 4.58 1.41 0 0 1.41l6 6z\" fill=\"currentColor\"\/><\/svg><\/span><\/div>\n                    <div id=\"ac-was_soll_ich_tun_wenn_ich_mit_mein_leihfahrrad_eine_panne_hat\" class=\"pds-accordion__content\">\n                        \n\n<p>Wir tun unser Bestes, um unsere Fahrr\u00e4der in Top-Qualit\u00e4t zu halten, aber nat\u00fcrlich kann eine Panne passieren. Eine Panne sollte sofort nach ihrer Entdeckung gemeldet werden.  <br>Sie k\u00f6nnen dies ganz einfach tun, indem Sie sich an <strong>den Abholort <\/strong>wenden, an dem Sie das Fahrrad gemietet haben. Die Kontaktdaten finden Sie auf der Seite des jeweiligen Standorts auf der Website.<\/p>\n\n\n                    <\/div>\n                <\/div>\n\n<div id=\"kann_ich_mein_fahrrad_auch_auerhalb_der_ffnungszeiten_zurckgeben\" class=\"pds-accordion__item pds-js-accordion-item pds-no-js\" data-pds-tabs--initially-open=\"false\" data-pds-tabs--click-to-close=\"true\" data-pds-tabs--auto-close=\"true\" data-pds-tabs--scroll=\"false\" data-pds-tabs--scroll-offset=\"0\"  data-pds-tabs--icon-type=\"\" data-pds-tabs--icon=\"true\"  data-pds-tabs--icon-size=\"\" >\n                    <div id=\"at-kann_ich_mein_fahrrad_auch_auerhalb_der_ffnungszeiten_zurckgeben\" class=\"pds-accordion__title pds-js-accordion-controller\" ><span class=\"pds-accordion__heading\" role=\"heading\" aria-level=\"3\">Kann ich mein Fahrrad auch au\u00dferhalb der \u00d6ffnungszeiten zur\u00fcckgeben?<\/span><span class=\"pds-accordion__icon\" role=\"presentation\" aria-hidden=\"true\"><svg xmlns=\"http:\/\/www.w3.org\/2000\/svg\" viewBox=\"0 0 12 7.4099998\" width=\".75rem\" height=\".75rem\"><path d=\"M12 1.41 10.59 0 6 4.58 1.41 0 0 1.41l6 6z\" fill=\"currentColor\"\/><\/svg><\/span><\/div>\n                    <div id=\"ac-kann_ich_mein_fahrrad_auch_auerhalb_der_ffnungszeiten_zurckgeben\" class=\"pds-accordion__content\">\n                        \n\n<p>Dies ist von Standort zu Standort unterschiedlich. Diese Informationen finden Sie auf der Seite Standort  \u00fcber <em>weitere Informationen<\/em>. Die \u00d6ffnungszeiten des Veranstaltungsortes sind die Abholzeiten. Die Abgabezeiten k\u00f6nnen je nach Standort variieren.<\/p>\n\n\n                    <\/div>\n                <\/div>\n\n<div id=\"bekomme_ich_beim_mieten_eines_e_bikes_einen_vollen_akku\" class=\"pds-accordion__item pds-js-accordion-item pds-no-js\" data-pds-tabs--initially-open=\"false\" data-pds-tabs--click-to-close=\"true\" data-pds-tabs--auto-close=\"true\" data-pds-tabs--scroll=\"false\" data-pds-tabs--scroll-offset=\"0\"  data-pds-tabs--icon-type=\"\" data-pds-tabs--icon=\"true\"  data-pds-tabs--icon-size=\"\" >\n                    <div id=\"at-bekomme_ich_beim_mieten_eines_e_bikes_einen_vollen_akku\" class=\"pds-accordion__title pds-js-accordion-controller\" ><span class=\"pds-accordion__heading\" role=\"heading\" aria-level=\"3\">Bekomme ich beim Mieten eines E-Bikes einen vollen Akku?<\/span><span class=\"pds-accordion__icon\" role=\"presentation\" aria-hidden=\"true\"><svg xmlns=\"http:\/\/www.w3.org\/2000\/svg\" viewBox=\"0 0 12 7.4099998\" width=\".75rem\" height=\".75rem\"><path d=\"M12 1.41 10.59 0 6 4.58 1.41 0 0 1.41l6 6z\" fill=\"currentColor\"\/><\/svg><\/span><\/div>\n                    <div id=\"ac-bekomme_ich_beim_mieten_eines_e_bikes_einen_vollen_akku\" class=\"pds-accordion__content\">\n                        \n\n<p>Ja, Sie fahren immer mit einer vollen Batterie vom Abholort weg. Wenn Sie ein E-Bike f\u00fcr mehr als 1 Tag mieten, erhalten Sie automatisch das Ladeger\u00e4t. Wenn Sie an einem Tag eine besonders lange Fahrt unternehmen m\u00f6chten, k\u00f6nnen Sie am Abholort nach einem Ladeger\u00e4t fragen. Diese sind abh\u00e4ngig von der Verf\u00fcgbarkeit.<\/p>\n\n\n                    <\/div>\n                <\/div>\n\n<div id=\"was_ist_wenn_mein_wunschrad_nicht_verfgbar_ist\" class=\"pds-accordion__item pds-js-accordion-item pds-no-js\" data-pds-tabs--initially-open=\"false\" data-pds-tabs--click-to-close=\"true\" data-pds-tabs--auto-close=\"true\" data-pds-tabs--scroll=\"false\" data-pds-tabs--scroll-offset=\"0\"  data-pds-tabs--icon-type=\"\" data-pds-tabs--icon=\"true\"  data-pds-tabs--icon-size=\"\" >\n                    <div id=\"at-was_ist_wenn_mein_wunschrad_nicht_verfgbar_ist\" class=\"pds-accordion__title pds-js-accordion-controller\" ><span class=\"pds-accordion__heading\" role=\"heading\" aria-level=\"3\">Was ist, wenn mein Wunschrad nicht verf\u00fcgbar ist?<\/span><span class=\"pds-accordion__icon\" role=\"presentation\" aria-hidden=\"true\"><svg xmlns=\"http:\/\/www.w3.org\/2000\/svg\" viewBox=\"0 0 12 7.4099998\" width=\".75rem\" height=\".75rem\"><path d=\"M12 1.41 10.59 0 6 4.58 1.41 0 0 1.41l6 6z\" fill=\"currentColor\"\/><\/svg><\/span><\/div>\n                    <div id=\"ac-was_ist_wenn_mein_wunschrad_nicht_verfgbar_ist\" class=\"pds-accordion__content\">\n                        \n\n<p>Bei der Buchung werden Ihnen alle verf\u00fcgbaren Fahrr\u00e4der f\u00fcr den gew\u00e4hlten Zeitraum am jeweiligen Standort angezeigt. Ist Ihr Wunschfahrrad nicht dabei? Bitte wenden Sie sich an den Standort. Unser Team steht Ihnen gerne mit entsprechender Beratung zur Seite.<\/p>\n\n\n                    <\/div>\n                <\/div>\n\n<div id=\"kann_ich_mein_auto_an_diesem_standort_parken\" class=\"pds-accordion__item pds-js-accordion-item pds-no-js\" data-pds-tabs--initially-open=\"false\" data-pds-tabs--click-to-close=\"true\" data-pds-tabs--auto-close=\"true\" data-pds-tabs--scroll=\"false\" data-pds-tabs--scroll-offset=\"0\"  data-pds-tabs--icon-type=\"\" data-pds-tabs--icon=\"true\"  data-pds-tabs--icon-size=\"\" >\n                    <div id=\"at-kann_ich_mein_auto_an_diesem_standort_parken\" class=\"pds-accordion__title pds-js-accordion-controller\" ><span class=\"pds-accordion__heading\" role=\"heading\" aria-level=\"3\">Kann ich mein Auto an diesem Standort parken?<\/span><span class=\"pds-accordion__icon\" role=\"presentation\" aria-hidden=\"true\"><svg xmlns=\"http:\/\/www.w3.org\/2000\/svg\" viewBox=\"0 0 12 7.4099998\" width=\".75rem\" height=\".75rem\"><path d=\"M12 1.41 10.59 0 6 4.58 1.41 0 0 1.41l6 6z\" fill=\"currentColor\"\/><\/svg><\/span><\/div>\n                    <div id=\"ac-kann_ich_mein_auto_an_diesem_standort_parken\" class=\"pds-accordion__content\">\n                        \n\n<p>Ja, es gibt eine Reihe von Parkpl\u00e4tzen in fu\u00dfl\u00e4ufiger Entfernung zum Gesch\u00e4ft. Au\u00dferdem gibt es 300 Meter entfernt am Boulevard ein ger\u00e4umiges Parkhaus.<\/p>\n\n\n                    <\/div>\n                <\/div>\n\n                        <\/div>\n                    <\/div>\n            <\/div>\n\n<style type='text\/css'>\n        #tz-spacer-69f22dc34f666 {\n            background-image: url('https:\/\/fietsverhuurknokke.be\/wp-content\/themes\/tz-template\/img\/scheidingslijn.png');\n        }\n    <\/style><div id='tz-spacer-69f22dc34f666' class='tz-spacer'><\/div>\n\n\n<h3 class=\"wp-block-heading\">\u00dcber uns<\/h3>\n\n\n\n<p>Wir von Fietsverhuur Knokke teilen die Leidenschaft f\u00fcrs Radfahren und die Sch\u00f6nheit von Knokke-Heist. Seit Jahren begr\u00fc\u00dfen wir Einheimische und Touristen am Zeedijk und vermieten dort eine gro\u00dfe Auswahl an hochwertigen Fahrr\u00e4dern \u2013 vom Citybike \u00fcber das E-Bike bis hin zum Lastenfahrrad. Wir stehen f\u00fcr pers\u00f6nlichen Service, zuverl\u00e4ssige Fahrr\u00e4der und Insidertipps zu den sch\u00f6nsten Routen der Region. Wir m\u00f6chten Ihr Erlebnis in Knokke unvergesslich machen, egal ob Sie die D\u00fcnen von Het Zoute erkunden oder nach Sluis radeln. Kommen Sie vorbei, steigen Sie auf und entdecken Sie Knokke mit dem Fahrrad \u2013 wir k\u00fcmmern uns um den Rest!<\/p>\n\n\n\n<div class=\"wp-block-columns is-style-blauw-full-width is-layout-flex wp-container-core-columns-is-layout-9d6595d7 wp-block-columns-is-layout-flex\">\n<div class=\"wp-block-column is-layout-flow wp-block-column-is-layout-flow\"><section class=\"gallery-section\"><h3>Fotos ansehen<\/h3><div class=\"gallery grid-layout\"><figure class=\"gallery-item\"><div class=\"gallery-icon\"><a href=\"https:\/\/fietsverhuurknokke.be\/wp-content\/uploads\/2025\/05\/Header.avif\" data-fancybox=\"gallery\"><img src=\"https:\/\/fietsverhuurknokke.be\/wp-content\/uploads\/2025\/05\/Header-600x349.avif\" class=\"attachment-medium size-medium\" alt=\"\" decoding=\"async\" fetchpriority=\"high\" srcset=\"https:\/\/fietsverhuurknokke.be\/wp-content\/uploads\/2025\/05\/Header-600x349.avif 300w, https:\/\/fietsverhuurknokke.be\/wp-content\/uploads\/2025\/05\/Header-1600x930.avif 1024w, https:\/\/fietsverhuurknokke.be\/wp-content\/uploads\/2025\/05\/Header-768x446.avif 768w, https:\/\/fietsverhuurknokke.be\/wp-content\/uploads\/2025\/05\/Header.avif 1200w\" sizes=\"(max-width: 300px) 100vw, 300px\"><\/a><\/div><\/figure><figure class=\"gallery-item\"><div class=\"gallery-icon\"><a href=\"https:\/\/fietsverhuurknokke.be\/wp-content\/uploads\/2025\/05\/Footer.avif\" data-fancybox=\"gallery\"><img src=\"https:\/\/fietsverhuurknokke.be\/wp-content\/uploads\/2025\/05\/Footer-600x400.avif\" class=\"attachment-medium size-medium\" alt=\"\" decoding=\"async\" fetchpriority=\"high\" srcset=\"https:\/\/fietsverhuurknokke.be\/wp-content\/uploads\/2025\/05\/Footer-600x400.avif 300w, https:\/\/fietsverhuurknokke.be\/wp-content\/uploads\/2025\/05\/Footer-1600x1066.avif 1024w, https:\/\/fietsverhuurknokke.be\/wp-content\/uploads\/2025\/05\/Footer-768x511.avif 768w, https:\/\/fietsverhuurknokke.be\/wp-content\/uploads\/2025\/05\/Footer.avif 1200w\" sizes=\"(max-width: 300px) 100vw, 300px\"><\/a><\/div><\/figure><figure class=\"gallery-item\"><div class=\"gallery-icon\"><a href=\"https:\/\/fietsverhuurknokke.be\/wp-content\/uploads\/2025\/05\/DSC07201.avif\" data-fancybox=\"gallery\"><img src=\"https:\/\/fietsverhuurknokke.be\/wp-content\/uploads\/2025\/05\/DSC07201-600x394.avif\" class=\"attachment-medium size-medium\" alt=\"\" decoding=\"async\" fetchpriority=\"high\" srcset=\"https:\/\/fietsverhuurknokke.be\/wp-content\/uploads\/2025\/05\/DSC07201-600x394.avif 300w, https:\/\/fietsverhuurknokke.be\/wp-content\/uploads\/2025\/05\/DSC07201-1600x1050.avif 1024w, https:\/\/fietsverhuurknokke.be\/wp-content\/uploads\/2025\/05\/DSC07201-768x504.avif 768w, https:\/\/fietsverhuurknokke.be\/wp-content\/uploads\/2025\/05\/DSC07201.avif 1200w\" sizes=\"(max-width: 300px) 100vw, 300px\"><\/a><\/div><\/figure><figure class=\"gallery-item\"><div class=\"gallery-icon\"><a href=\"https:\/\/fietsverhuurknokke.be\/wp-content\/uploads\/2025\/05\/DSC_5606.avif\" data-fancybox=\"gallery\"><img src=\"https:\/\/fietsverhuurknokke.be\/wp-content\/uploads\/2025\/05\/DSC_5606-600x400.avif\" class=\"attachment-medium size-medium\" alt=\"\" decoding=\"async\" fetchpriority=\"high\" srcset=\"https:\/\/fietsverhuurknokke.be\/wp-content\/uploads\/2025\/05\/DSC_5606-600x400.avif 300w, https:\/\/fietsverhuurknokke.be\/wp-content\/uploads\/2025\/05\/DSC_5606-1600x1066.avif 1024w, https:\/\/fietsverhuurknokke.be\/wp-content\/uploads\/2025\/05\/DSC_5606-768x511.avif 768w, https:\/\/fietsverhuurknokke.be\/wp-content\/uploads\/2025\/05\/DSC_5606.avif 1200w\" sizes=\"(max-width: 300px) 100vw, 300px\"><\/a><\/div><\/figure><figure class=\"gallery-item\"><div class=\"gallery-icon\"><a href=\"https:\/\/fietsverhuurknokke.be\/wp-content\/uploads\/2025\/05\/DSC_5476.avif\" data-fancybox=\"gallery\"><img src=\"https:\/\/fietsverhuurknokke.be\/wp-content\/uploads\/2025\/05\/DSC_5476-400x600.avif\" class=\"attachment-medium size-medium\" alt=\"\" decoding=\"async\" fetchpriority=\"high\" srcset=\"https:\/\/fietsverhuurknokke.be\/wp-content\/uploads\/2025\/05\/DSC_5476-400x600.avif 300w, https:\/\/fietsverhuurknokke.be\/wp-content\/uploads\/2025\/05\/DSC_5476-1066x1600.avif 1024w, https:\/\/fietsverhuurknokke.be\/wp-content\/uploads\/2025\/05\/DSC_5476-768x1153.avif 768w, https:\/\/fietsverhuurknokke.be\/wp-content\/uploads\/2025\/05\/DSC_5476.avif 1200w\" sizes=\"(max-width: 300px) 100vw, 300px\"><\/a><\/div><\/figure><figure class=\"gallery-item\"><div class=\"gallery-icon\"><a href=\"https:\/\/fietsverhuurknokke.be\/wp-content\/uploads\/2025\/05\/DSC_5275.avif\" data-fancybox=\"gallery\"><img src=\"https:\/\/fietsverhuurknokke.be\/wp-content\/uploads\/2025\/05\/DSC_5275-600x400.avif\" class=\"attachment-medium size-medium\" alt=\"\" decoding=\"async\" fetchpriority=\"high\" srcset=\"https:\/\/fietsverhuurknokke.be\/wp-content\/uploads\/2025\/05\/DSC_5275-600x400.avif 300w, https:\/\/fietsverhuurknokke.be\/wp-content\/uploads\/2025\/05\/DSC_5275-1600x1066.avif 1024w, https:\/\/fietsverhuurknokke.be\/wp-content\/uploads\/2025\/05\/DSC_5275-768x511.avif 768w, https:\/\/fietsverhuurknokke.be\/wp-content\/uploads\/2025\/05\/DSC_5275.avif 1200w\" sizes=\"(max-width: 300px) 100vw, 300px\"><\/a><\/div><\/figure><figure class=\"gallery-item\"><div class=\"gallery-icon\"><a href=\"https:\/\/fietsverhuurknokke.be\/wp-content\/uploads\/2025\/05\/DSC_5181.avif\" data-fancybox=\"gallery\"><img src=\"https:\/\/fietsverhuurknokke.be\/wp-content\/uploads\/2025\/05\/DSC_5181-600x400.avif\" class=\"attachment-medium size-medium\" alt=\"\" decoding=\"async\" fetchpriority=\"high\" srcset=\"https:\/\/fietsverhuurknokke.be\/wp-content\/uploads\/2025\/05\/DSC_5181-600x400.avif 300w, https:\/\/fietsverhuurknokke.be\/wp-content\/uploads\/2025\/05\/DSC_5181-1600x1066.avif 1024w, https:\/\/fietsverhuurknokke.be\/wp-content\/uploads\/2025\/05\/DSC_5181-768x511.avif 768w, https:\/\/fietsverhuurknokke.be\/wp-content\/uploads\/2025\/05\/DSC_5181.avif 1200w\" sizes=\"(max-width: 300px) 100vw, 300px\"><\/a><\/div><\/figure><figure class=\"gallery-item acco8\"><div class=\"gallery-icon\"><a href=\"https:\/\/fietsverhuurknokke.be\/wp-content\/uploads\/2025\/05\/banner2.avif\" data-fancybox=\"gallery\"><img src=\"https:\/\/fietsverhuurknokke.be\/wp-content\/uploads\/2025\/05\/banner2-600x229.avif\" class=\"attachment-medium size-medium\" alt=\"\" decoding=\"async\" fetchpriority=\"high\" srcset=\"https:\/\/fietsverhuurknokke.be\/wp-content\/uploads\/2025\/05\/banner2-600x229.avif 300w, https:\/\/fietsverhuurknokke.be\/wp-content\/uploads\/2025\/05\/banner2.avif 1024w, https:\/\/fietsverhuurknokke.be\/wp-content\/uploads\/2025\/05\/banner2-768x293.avif 768w, https:\/\/fietsverhuurknokke.be\/wp-content\/uploads\/2025\/05\/banner2.avif 1200w\" sizes=\"(max-width: 300px) 100vw, 300px\"><\/a><\/div><\/figure><figure class=\"gallery-item\" style=\"display:none;\"><div class=\"gallery-icon\"><a href=\"https:\/\/fietsverhuurknokke.be\/wp-content\/uploads\/2025\/05\/banner2-Origineel.avif\" data-fancybox=\"gallery\"><img src=\"https:\/\/fietsverhuurknokke.be\/wp-content\/uploads\/2025\/05\/banner2-Origineel-600x400.avif\" class=\"attachment-medium size-medium\" alt=\"\" decoding=\"async\" fetchpriority=\"high\" srcset=\"https:\/\/fietsverhuurknokke.be\/wp-content\/uploads\/2025\/05\/banner2-Origineel-600x400.avif 300w, https:\/\/fietsverhuurknokke.be\/wp-content\/uploads\/2025\/05\/banner2-Origineel-1600x1066.avif 1024w, https:\/\/fietsverhuurknokke.be\/wp-content\/uploads\/2025\/05\/banner2-Origineel-768x511.avif 768w, https:\/\/fietsverhuurknokke.be\/wp-content\/uploads\/2025\/05\/banner2-Origineel.avif 1200w\" sizes=\"(max-width: 300px) 100vw, 300px\"><\/a><\/div><\/figure><\/div><\/section><\/div>\n<\/div>\n\n\n<style type=\"text\/css\">\n    .omgeving-height {\n        height: 65vh;\n    }\n    @media (max-width: 767px) {\n        .omgeving-height {\n            height: 50vh;\n        }\n    }\n<\/style>","protected":false},"excerpt":{"rendered":"<p>Fahrradverleih Knokke-Heist Radfahren in Knokke-Heist ist eine wunderbare M\u00f6glichkeit, die wundersch\u00f6ne belgische K\u00fcste und das Hinterland zu erkunden. Sichere Radwege f\u00fchren Sie vorbei am bezaubernden Naturpark Zwin, den ruhigen D\u00fcnen von Het Zoute oder dem gesch\u00e4ftigen Zeedijk. Erkunden Sie das malerische Cadzand-Bad, genie\u00dfen Sie kulinarische Stopps in Strandbars oder radeln Sie in die niederl\u00e4ndische Stadt [&hellip;]<\/p>\n","protected":false},"author":2,"featured_media":7615,"parent":0,"menu_order":0,"comment_status":"closed","ping_status":"closed","template":"","meta":{"_acf_changed":false,"footnotes":""},"class_list":["post-4924","page","type-page","status-publish","has-post-thumbnail","hentry"],"acf":[],"yoast_head":"<!-- This site is optimized with the Yoast SEO plugin v25.8 - https:\/\/yoast.com\/wordpress\/plugins\/seo\/ -->\n<title>Fahrradverleih in Knokke-Heist<\/title>\n<meta name=\"description\" content=\"Mieten Sie ein Fahrrad in Knokke-Heist bei Fietsverhuur Knokke. \u2b50Gro\u00dfe Auswahl an Mietfahrr\u00e4dern \u2b50Lieferservice \u2b50Umtauschgarantie \u2b50Online buchen\" \/>\n<meta name=\"robots\" content=\"index, follow, max-snippet:-1, max-image-preview:large, max-video-preview:-1\" \/>\n<link rel=\"canonical\" href=\"https:\/\/fietsverhuurknokke.be\/de\/\" \/>\n<meta property=\"og:locale\" content=\"de_DE\" \/>\n<meta property=\"og:type\" content=\"article\" \/>\n<meta property=\"og:title\" content=\"Fahrradverleih in Knokke-Heist\" \/>\n<meta property=\"og:description\" content=\"Mieten Sie ein Fahrrad in Knokke-Heist bei Fietsverhuur Knokke. \u2b50Gro\u00dfe Auswahl an Mietfahrr\u00e4dern \u2b50Lieferservice \u2b50Umtauschgarantie \u2b50Online buchen\" \/>\n<meta property=\"og:url\" content=\"https:\/\/fietsverhuurknokke.be\/de\/\" \/>\n<meta property=\"og:site_name\" content=\"Fahrradverleih Knokke-Heist\" \/>\n<meta property=\"article:publisher\" content=\"https:\/\/www.facebook.com\/FietsverhuurZeeland\/\" \/>\n<meta property=\"article:modified_time\" content=\"2025-08-14T08:51:59+00:00\" \/>\n<meta property=\"og:image\" content=\"https:\/\/fietsverhuurknokke.be\/wp-content\/uploads\/2025\/03\/DSC07131-1.avif\" \/>\n\t<meta property=\"og:image:width\" content=\"2000\" \/>\n\t<meta property=\"og:image:height\" content=\"1333\" \/>\n\t<meta property=\"og:image:type\" content=\"image\/jpeg\" \/>\n<meta name=\"twitter:card\" content=\"summary_large_image\" \/>\n<meta name=\"twitter:label1\" content=\"Gesch\u00e4tzte Lesezeit\" \/>\n\t<meta name=\"twitter:data1\" content=\"4\u00a0Minuten\" \/>\n<script type=\"application\/ld+json\" class=\"yoast-schema-graph\">{\"@context\":\"https:\/\/schema.org\",\"@graph\":[{\"@type\":\"WebPage\",\"@id\":\"https:\/\/fietsverhuurknokke.be\/de\/\",\"url\":\"https:\/\/fietsverhuurknokke.be\/de\/\",\"name\":\"Fahrradverleih in Knokke-Heist\",\"isPartOf\":{\"@id\":\"https:\/\/fietsverhuurknokke.be\/#website\"},\"primaryImageOfPage\":{\"@id\":\"https:\/\/fietsverhuurknokke.be\/de\/#primaryimage\"},\"image\":{\"@id\":\"https:\/\/fietsverhuurknokke.be\/de\/#primaryimage\"},\"thumbnailUrl\":\"https:\/\/fietsverhuurknokke.be\/wp-content\/uploads\/2025\/03\/DSC07131-1.avif\",\"datePublished\":\"2024-02-23T14:15:04+00:00\",\"dateModified\":\"2025-08-14T08:51:59+00:00\",\"description\":\"Mieten Sie ein Fahrrad in Knokke-Heist bei Fietsverhuur Knokke. \u2b50Gro\u00dfe Auswahl an Mietfahrr\u00e4dern \u2b50Lieferservice \u2b50Umtauschgarantie \u2b50Online buchen\",\"breadcrumb\":{\"@id\":\"https:\/\/fietsverhuurknokke.be\/de\/#breadcrumb\"},\"inLanguage\":\"de\",\"potentialAction\":[{\"@type\":\"ReadAction\",\"target\":[\"https:\/\/fietsverhuurknokke.be\/de\/\"]}]},{\"@type\":\"ImageObject\",\"inLanguage\":\"de\",\"@id\":\"https:\/\/fietsverhuurknokke.be\/de\/#primaryimage\",\"url\":\"https:\/\/fietsverhuurknokke.be\/wp-content\/uploads\/2025\/03\/DSC07131-1.avif\",\"contentUrl\":\"https:\/\/fietsverhuurknokke.be\/wp-content\/uploads\/2025\/03\/DSC07131-1.avif\",\"width\":2000,\"height\":1333},{\"@type\":\"BreadcrumbList\",\"@id\":\"https:\/\/fietsverhuurknokke.be\/de\/#breadcrumb\",\"itemListElement\":[{\"@type\":\"ListItem\",\"position\":1,\"name\":\"Home\",\"item\":\"https:\/\/fietsverhuurknokke.be\/de\/\"},{\"@type\":\"ListItem\",\"position\":2,\"name\":\"Standort-Knokke-Heist\"}]},{\"@type\":\"WebSite\",\"@id\":\"https:\/\/fietsverhuurknokke.be\/#website\",\"url\":\"https:\/\/fietsverhuurknokke.be\/\",\"name\":\"Fietsverhuur Zeeland\",\"description\":\"Fahrradverleih in Knokke-Heist\",\"publisher\":{\"@id\":\"https:\/\/fietsverhuurknokke.be\/#organization\"},\"potentialAction\":[{\"@type\":\"SearchAction\",\"target\":{\"@type\":\"EntryPoint\",\"urlTemplate\":\"https:\/\/fietsverhuurknokke.be\/?s={search_term_string}\"},\"query-input\":{\"@type\":\"PropertyValueSpecification\",\"valueRequired\":true,\"valueName\":\"search_term_string\"}}],\"inLanguage\":\"de\"},{\"@type\":\"Organization\",\"@id\":\"https:\/\/fietsverhuurknokke.be\/#organization\",\"name\":\"Fietsverhuur Zeeland\",\"url\":\"https:\/\/fietsverhuurknokke.be\/\",\"logo\":{\"@type\":\"ImageObject\",\"inLanguage\":\"de\",\"@id\":\"https:\/\/fietsverhuurknokke.be\/#\/schema\/logo\/image\/\",\"url\":\"https:\/\/fietsverhuurknokke.be\/wp-content\/uploads\/2024\/02\/fietsverhuur_logo_retina.png\",\"contentUrl\":\"https:\/\/fietsverhuurknokke.be\/wp-content\/uploads\/2024\/02\/fietsverhuur_logo_retina.png\",\"width\":301,\"height\":181,\"caption\":\"Fietsverhuur Zeeland\"},\"image\":{\"@id\":\"https:\/\/fietsverhuurknokke.be\/#\/schema\/logo\/image\/\"},\"sameAs\":[\"https:\/\/www.facebook.com\/FietsverhuurZeeland\/\"]}]}<\/script>\n<!-- \/ Yoast SEO plugin. -->","yoast_head_json":{"title":"Fahrradverleih in Knokke-Heist","description":"Mieten Sie ein Fahrrad in Knokke-Heist bei Fietsverhuur Knokke. \u2b50Gro\u00dfe Auswahl an Mietfahrr\u00e4dern \u2b50Lieferservice \u2b50Umtauschgarantie \u2b50Online buchen","robots":{"index":"index","follow":"follow","max-snippet":"max-snippet:-1","max-image-preview":"max-image-preview:large","max-video-preview":"max-video-preview:-1"},"canonical":"https:\/\/fietsverhuurknokke.be\/de\/","og_locale":"de_DE","og_type":"article","og_title":"Fahrradverleih in Knokke-Heist","og_description":"Mieten Sie ein Fahrrad in Knokke-Heist bei Fietsverhuur Knokke. \u2b50Gro\u00dfe Auswahl an Mietfahrr\u00e4dern \u2b50Lieferservice \u2b50Umtauschgarantie \u2b50Online buchen","og_url":"https:\/\/fietsverhuurknokke.be\/de\/","og_site_name":"Fahrradverleih Knokke-Heist","article_publisher":"https:\/\/www.facebook.com\/FietsverhuurZeeland\/","article_modified_time":"2025-08-14T08:51:59+00:00","og_image":[{"width":2000,"height":1333,"url":"https:\/\/fietsverhuurknokke.be\/wp-content\/uploads\/2025\/03\/DSC07131-1.avif","type":"image\/jpeg"}],"twitter_card":"summary_large_image","twitter_misc":{"Gesch\u00e4tzte Lesezeit":"4\u00a0Minuten"},"schema":{"@context":"https:\/\/schema.org","@graph":[{"@type":"WebPage","@id":"https:\/\/fietsverhuurknokke.be\/de\/","url":"https:\/\/fietsverhuurknokke.be\/de\/","name":"Fahrradverleih in Knokke-Heist","isPartOf":{"@id":"https:\/\/fietsverhuurknokke.be\/#website"},"primaryImageOfPage":{"@id":"https:\/\/fietsverhuurknokke.be\/de\/#primaryimage"},"image":{"@id":"https:\/\/fietsverhuurknokke.be\/de\/#primaryimage"},"thumbnailUrl":"https:\/\/fietsverhuurknokke.be\/wp-content\/uploads\/2025\/03\/DSC07131-1.avif","datePublished":"2024-02-23T14:15:04+00:00","dateModified":"2025-08-14T08:51:59+00:00","description":"Mieten Sie ein Fahrrad in Knokke-Heist bei Fietsverhuur Knokke. \u2b50Gro\u00dfe Auswahl an Mietfahrr\u00e4dern \u2b50Lieferservice \u2b50Umtauschgarantie \u2b50Online buchen","breadcrumb":{"@id":"https:\/\/fietsverhuurknokke.be\/de\/#breadcrumb"},"inLanguage":"de","potentialAction":[{"@type":"ReadAction","target":["https:\/\/fietsverhuurknokke.be\/de\/"]}]},{"@type":"ImageObject","inLanguage":"de","@id":"https:\/\/fietsverhuurknokke.be\/de\/#primaryimage","url":"https:\/\/fietsverhuurknokke.be\/wp-content\/uploads\/2025\/03\/DSC07131-1.avif","contentUrl":"https:\/\/fietsverhuurknokke.be\/wp-content\/uploads\/2025\/03\/DSC07131-1.avif","width":2000,"height":1333},{"@type":"BreadcrumbList","@id":"https:\/\/fietsverhuurknokke.be\/de\/#breadcrumb","itemListElement":[{"@type":"ListItem","position":1,"name":"Home","item":"https:\/\/fietsverhuurknokke.be\/de\/"},{"@type":"ListItem","position":2,"name":"Standort-Knokke-Heist"}]},{"@type":"WebSite","@id":"https:\/\/fietsverhuurknokke.be\/#website","url":"https:\/\/fietsverhuurknokke.be\/","name":"Fietsverhuur Zeeland","description":"Fahrradverleih in Knokke-Heist","publisher":{"@id":"https:\/\/fietsverhuurknokke.be\/#organization"},"potentialAction":[{"@type":"SearchAction","target":{"@type":"EntryPoint","urlTemplate":"https:\/\/fietsverhuurknokke.be\/?s={search_term_string}"},"query-input":{"@type":"PropertyValueSpecification","valueRequired":true,"valueName":"search_term_string"}}],"inLanguage":"de"},{"@type":"Organization","@id":"https:\/\/fietsverhuurknokke.be\/#organization","name":"Fietsverhuur Zeeland","url":"https:\/\/fietsverhuurknokke.be\/","logo":{"@type":"ImageObject","inLanguage":"de","@id":"https:\/\/fietsverhuurknokke.be\/#\/schema\/logo\/image\/","url":"https:\/\/fietsverhuurknokke.be\/wp-content\/uploads\/2024\/02\/fietsverhuur_logo_retina.png","contentUrl":"https:\/\/fietsverhuurknokke.be\/wp-content\/uploads\/2024\/02\/fietsverhuur_logo_retina.png","width":301,"height":181,"caption":"Fietsverhuur Zeeland"},"image":{"@id":"https:\/\/fietsverhuurknokke.be\/#\/schema\/logo\/image\/"},"sameAs":["https:\/\/www.facebook.com\/FietsverhuurZeeland\/"]}]}},"_links":{"self":[{"href":"https:\/\/fietsverhuurknokke.be\/de\/wp-json\/wp\/v2\/pages\/4924","targetHints":{"allow":["GET"]}}],"collection":[{"href":"https:\/\/fietsverhuurknokke.be\/de\/wp-json\/wp\/v2\/pages"}],"about":[{"href":"https:\/\/fietsverhuurknokke.be\/de\/wp-json\/wp\/v2\/types\/page"}],"author":[{"embeddable":true,"href":"https:\/\/fietsverhuurknokke.be\/de\/wp-json\/wp\/v2\/users\/2"}],"replies":[{"embeddable":true,"href":"https:\/\/fietsverhuurknokke.be\/de\/wp-json\/wp\/v2\/comments?post=4924"}],"version-history":[{"count":27,"href":"https:\/\/fietsverhuurknokke.be\/de\/wp-json\/wp\/v2\/pages\/4924\/revisions"}],"predecessor-version":[{"id":8576,"href":"https:\/\/fietsverhuurknokke.be\/de\/wp-json\/wp\/v2\/pages\/4924\/revisions\/8576"}],"wp:featuredmedia":[{"embeddable":true,"href":"https:\/\/fietsverhuurknokke.be\/de\/wp-json\/wp\/v2\/media\/7615"}],"wp:attachment":[{"href":"https:\/\/fietsverhuurknokke.be\/de\/wp-json\/wp\/v2\/media?parent=4924"}],"curies":[{"name":"wp","href":"https:\/\/api.w.org\/{rel}","templated":true}]}}