{"id":5123,"date":"2023-10-25T14:29:15","date_gmt":"2023-10-25T14:29:15","guid":{"rendered":"https:\/\/fietsverhuurknokke.be\/haeufig-gestellte-fragen\/"},"modified":"2025-08-14T08:51:36","modified_gmt":"2025-08-14T08:51:36","slug":"haeufig-gestellte-fragen","status":"publish","type":"page","link":"https:\/\/fietsverhuurknokke.be\/de\/haeufig-gestellte-fragen\/","title":{"rendered":"H\u00e4ufig gestellte Fragen"},"content":{"rendered":"\n<div class=\"wp-block-columns is-layout-flex wp-container-core-columns-is-layout-9d6595d7 wp-block-columns-is-layout-flex\">\n<div class=\"wp-block-column is-layout-flow wp-block-column-is-layout-flow\" style=\"flex-basis:66.66%\">\n<h2 class=\"wp-block-heading\">Haben Sie eine Frage?  <br>Dann ist hier wahrscheinlich die Antwort<\/h2>\n\n\n\n<p>Nachstehend haben wir eine Auswahl der am h\u00e4ufigsten gestellten Fragen zu Ihrer Buchung \u00fcber das Fietsverhuur Zeeland zusammengestellt.<br><strong>Haben Sie eine Frage zum Standort?<\/strong> Bitte w\u00e4hlen Sie den richtigen <strong> <a href=\"https:\/\/fietsverhuurknokke.be\/de\/standorte\/\">Standort<\/a><\/strong> auf der Seite und Sie finden alle Informationen zu diesem Standort.<\/p>\n<\/div>\n\n\n\n<div class=\"wp-block-column is-layout-flow wp-block-column-is-layout-flow\" style=\"flex-basis:33.33%\">\n<h2 class=\"wp-block-heading\">Ist Ihre Frage nicht dabei?<\/h2>\n\n\n\n<p>Wenn ja, bitte <a href=\"https:\/\/fietsverhuurknokke.be\/de\/kontakt\/\"><strong>kontaktieren Sie<\/strong> <\/a>und wir werden Ihnen gerne helfen<\/p>\n<\/div>\n<\/div>\n\n\n<div >\n                    <div class=\" plethoraplugins-accordion plethoraplugins-theme__minimal plethoraplugins-theme__basic \"   >\n                        <div>\n                            \n<div id=\"wie_mache_ich_eine_reservierung\" class=\"pds-accordion__item pds-js-accordion-item pds-no-js\" data-pds-tabs--initially-open=\"false\" data-pds-tabs--click-to-close=\"true\" data-pds-tabs--auto-close=\"true\" data-pds-tabs--scroll=\"false\" data-pds-tabs--scroll-offset=\"0\"  data-pds-tabs--icon-type=\"\" data-pds-tabs--icon=\"true\"  data-pds-tabs--icon-size=\"\" >\n                    <div id=\"at-wie_mache_ich_eine_reservierung\" class=\"pds-accordion__title pds-js-accordion-controller\" ><span class=\"pds-accordion__heading\" role=\"heading\" aria-level=\"3\">Wie mache ich eine Reservierung?<\/span><span class=\"pds-accordion__icon\" role=\"presentation\" aria-hidden=\"true\"><svg xmlns=\"http:\/\/www.w3.org\/2000\/svg\" viewBox=\"0 0 12 7.4099998\" width=\".75rem\" height=\".75rem\"><path d=\"M12 1.41 10.59 0 6 4.58 1.41 0 0 1.41l6 6z\" fill=\"currentColor\"\/><\/svg><\/span><\/div>\n                    <div id=\"ac-wie_mache_ich_eine_reservierung\" class=\"pds-accordion__content\">\n                        \n\n<p>Klicken Sie auf der Startseite auf die Schaltfl\u00e4che \u201eReservierung\u201c. W\u00e4hlen Sie die Fahrr\u00e4der aus, die Sie reservieren m\u00f6chten, um sofort eine Reservierung vorzunehmen, und klicken Sie auf \u201eWeiter\u201c. Sie erhalten anschlie\u00dfend eine E-Mail zur Best\u00e4tigung der Reservierung Ihrer Fahrr\u00e4der.<\/p>\n\n\n                    <\/div>\n                <\/div>\n\n<div id=\"wo_finde_ich_preise_und_verfgbarkeit\" class=\"pds-accordion__item pds-js-accordion-item pds-no-js\" data-pds-tabs--initially-open=\"false\" data-pds-tabs--click-to-close=\"true\" data-pds-tabs--auto-close=\"true\" data-pds-tabs--scroll=\"false\" data-pds-tabs--scroll-offset=\"0\"  data-pds-tabs--icon-type=\"\" data-pds-tabs--icon=\"true\"  data-pds-tabs--icon-size=\"\" >\n                    <div id=\"at-wo_finde_ich_preise_und_verfgbarkeit\" class=\"pds-accordion__title pds-js-accordion-controller\" ><span class=\"pds-accordion__heading\" role=\"heading\" aria-level=\"3\">Wo finde ich Preise und Verf\u00fcgbarkeit?<\/span><span class=\"pds-accordion__icon\" role=\"presentation\" aria-hidden=\"true\"><svg xmlns=\"http:\/\/www.w3.org\/2000\/svg\" viewBox=\"0 0 12 7.4099998\" width=\".75rem\" height=\".75rem\"><path d=\"M12 1.41 10.59 0 6 4.58 1.41 0 0 1.41l6 6z\" fill=\"currentColor\"\/><\/svg><\/span><\/div>\n                    <div id=\"ac-wo_finde_ich_preise_und_verfgbarkeit\" class=\"pds-accordion__content\">\n                        \n\n<p>W\u00e4hrend des Buchungsvorgangs am gew\u00e4hlten <strong>Standort<\/strong> w\u00e4hlen Sie den Mietzeitraum aus und das System zeigt sofort die verf\u00fcgbaren Fahrr\u00e4der und Preise an. <br>Die Preise k\u00f6nnen je nach Verkaufsstelle variieren.<\/p>\n\n\n                    <\/div>\n                <\/div>\n\n<div id=\"muss_eine_reservierung_sofort_bezahlt_werden\" class=\"pds-accordion__item pds-js-accordion-item pds-no-js\" data-pds-tabs--initially-open=\"false\" data-pds-tabs--click-to-close=\"true\" data-pds-tabs--auto-close=\"true\" data-pds-tabs--scroll=\"false\" data-pds-tabs--scroll-offset=\"0\"  data-pds-tabs--icon-type=\"\" data-pds-tabs--icon=\"true\"  data-pds-tabs--icon-size=\"\" >\n                    <div id=\"at-muss_eine_reservierung_sofort_bezahlt_werden\" class=\"pds-accordion__title pds-js-accordion-controller\" ><span class=\"pds-accordion__heading\" role=\"heading\" aria-level=\"3\">Muss eine Reservierung sofort bezahlt werden?<\/span><span class=\"pds-accordion__icon\" role=\"presentation\" aria-hidden=\"true\"><svg xmlns=\"http:\/\/www.w3.org\/2000\/svg\" viewBox=\"0 0 12 7.4099998\" width=\".75rem\" height=\".75rem\"><path d=\"M12 1.41 10.59 0 6 4.58 1.41 0 0 1.41l6 6z\" fill=\"currentColor\"\/><\/svg><\/span><\/div>\n                    <div id=\"ac-muss_eine_reservierung_sofort_bezahlt_werden\" class=\"pds-accordion__content\">\n                        \n\n<p>Ja, Sie erhalten w\u00e4hrend des Buchungsvorgangs die M\u00f6glichkeit, die Buchung per Online-Banking zu bezahlen. Sobald die Zahlung erfolgt ist, erhalten Sie eine endg\u00fcltige Best\u00e4tigung an die von Ihnen angegebene E-Mail Adresse<\/p>\n\n\n                    <\/div>\n                <\/div>\n\n<div id=\"kann_ich_an_der_abholstelle_mit_ec_karte_bezahlen\" class=\"pds-accordion__item pds-js-accordion-item pds-no-js\" data-pds-tabs--initially-open=\"false\" data-pds-tabs--click-to-close=\"true\" data-pds-tabs--auto-close=\"true\" data-pds-tabs--scroll=\"false\" data-pds-tabs--scroll-offset=\"0\"  data-pds-tabs--icon-type=\"\" data-pds-tabs--icon=\"true\"  data-pds-tabs--icon-size=\"\" >\n                    <div id=\"at-kann_ich_an_der_abholstelle_mit_ec_karte_bezahlen\" class=\"pds-accordion__title pds-js-accordion-controller\" ><span class=\"pds-accordion__heading\" role=\"heading\" aria-level=\"3\">Kann ich an der Abholstelle mit EC-Karte bezahlen?<\/span><span class=\"pds-accordion__icon\" role=\"presentation\" aria-hidden=\"true\"><svg xmlns=\"http:\/\/www.w3.org\/2000\/svg\" viewBox=\"0 0 12 7.4099998\" width=\".75rem\" height=\".75rem\"><path d=\"M12 1.41 10.59 0 6 4.58 1.41 0 0 1.41l6 6z\" fill=\"currentColor\"\/><\/svg><\/span><\/div>\n                    <div id=\"ac-kann_ich_an_der_abholstelle_mit_ec_karte_bezahlen\" class=\"pds-accordion__content\">\n                        \n\n<p>Ja, Sie k\u00f6nnen vor Ort mit allen Bankkarten bezahlen, die das Maestro-Logo tragen.<\/p>\n\n\n                    <\/div>\n                <\/div>\n\n<div id=\"kann_ich_eine_reservierung_stornieren_oder_ndern\" class=\"pds-accordion__item pds-js-accordion-item pds-no-js\" data-pds-tabs--initially-open=\"false\" data-pds-tabs--click-to-close=\"true\" data-pds-tabs--auto-close=\"true\" data-pds-tabs--scroll=\"false\" data-pds-tabs--scroll-offset=\"0\"  data-pds-tabs--icon-type=\"\" data-pds-tabs--icon=\"true\"  data-pds-tabs--icon-size=\"\" >\n                    <div id=\"at-kann_ich_eine_reservierung_stornieren_oder_ndern\" class=\"pds-accordion__title pds-js-accordion-controller\" ><span class=\"pds-accordion__heading\" role=\"heading\" aria-level=\"3\">Kann ich eine Reservierung stornieren oder \u00e4ndern?<\/span><span class=\"pds-accordion__icon\" role=\"presentation\" aria-hidden=\"true\"><svg xmlns=\"http:\/\/www.w3.org\/2000\/svg\" viewBox=\"0 0 12 7.4099998\" width=\".75rem\" height=\".75rem\"><path d=\"M12 1.41 10.59 0 6 4.58 1.41 0 0 1.41l6 6z\" fill=\"currentColor\"\/><\/svg><\/span><\/div>\n                    <div id=\"ac-kann_ich_eine_reservierung_stornieren_oder_ndern\" class=\"pds-accordion__content\">\n                        \n\n<p>Sobald Sie eine Reservierung vorgenommen und bezahlt haben, ist die Reservierung endg\u00fcltig. Sie k\u00f6nnen bei der Reservierung w\u00e4hlen, ob Sie das<strong>  <a href=\"https:\/\/fietsverhuurknokke.be\/wp-content\/uploads\/2024\/03\/FVZ-Zorgeloos-3-talig-2024.pdf\">Sorglos-Unterwegs Paket<\/a>. <\/strong>Bei diesem Paket k\u00f6nnen Sie bis zu 48 Stunden vor Beginn des Mietzeitraums stornieren. Wenn Sie ohne das Carefree on the Road-Paket gebucht haben, ist eine Umbuchung auf Anfrage bis 48 Stunden vor Mietbeginn je nach Verf\u00fcgbarkeit m\u00f6glich.<\/p>\n\n\n                    <\/div>\n                <\/div>\n\n<div id=\"ist_pannenhilfe_whrend_meiner_mietdauer_inbegriffen\" class=\"pds-accordion__item pds-js-accordion-item pds-no-js\" data-pds-tabs--initially-open=\"false\" data-pds-tabs--click-to-close=\"true\" data-pds-tabs--auto-close=\"true\" data-pds-tabs--scroll=\"false\" data-pds-tabs--scroll-offset=\"0\"  data-pds-tabs--icon-type=\"\" data-pds-tabs--icon=\"true\"  data-pds-tabs--icon-size=\"\" >\n                    <div id=\"at-ist_pannenhilfe_whrend_meiner_mietdauer_inbegriffen\" class=\"pds-accordion__title pds-js-accordion-controller\" ><span class=\"pds-accordion__heading\" role=\"heading\" aria-level=\"3\">Ist Pannenhilfe w\u00e4hrend meiner Mietdauer inbegriffen?<\/span><span class=\"pds-accordion__icon\" role=\"presentation\" aria-hidden=\"true\"><svg xmlns=\"http:\/\/www.w3.org\/2000\/svg\" viewBox=\"0 0 12 7.4099998\" width=\".75rem\" height=\".75rem\"><path d=\"M12 1.41 10.59 0 6 4.58 1.41 0 0 1.41l6 6z\" fill=\"currentColor\"\/><\/svg><\/span><\/div>\n                    <div id=\"ac-ist_pannenhilfe_whrend_meiner_mietdauer_inbegriffen\" class=\"pds-accordion__content\">\n                        \n\n<p>Ja, Ihre Reservierung beinhaltet immer Pannenhilfe<\/p>\n\n\n                    <\/div>\n                <\/div>\n\n<div id=\"gibt_es_einen_rabatt_wenn_ich_ein_fahrrad_fr_einen_lngeren_zeitraum_miete\" class=\"pds-accordion__item pds-js-accordion-item pds-no-js\" data-pds-tabs--initially-open=\"false\" data-pds-tabs--click-to-close=\"true\" data-pds-tabs--auto-close=\"true\" data-pds-tabs--scroll=\"false\" data-pds-tabs--scroll-offset=\"0\"  data-pds-tabs--icon-type=\"\" data-pds-tabs--icon=\"true\"  data-pds-tabs--icon-size=\"\" >\n                    <div id=\"at-gibt_es_einen_rabatt_wenn_ich_ein_fahrrad_fr_einen_lngeren_zeitraum_miete\" class=\"pds-accordion__title pds-js-accordion-controller\" ><span class=\"pds-accordion__heading\" role=\"heading\" aria-level=\"3\">Gibt es einen Rabatt, wenn ich ein Fahrrad f\u00fcr einen l\u00e4ngeren Zeitraum miete?<\/span><span class=\"pds-accordion__icon\" role=\"presentation\" aria-hidden=\"true\"><svg xmlns=\"http:\/\/www.w3.org\/2000\/svg\" viewBox=\"0 0 12 7.4099998\" width=\".75rem\" height=\".75rem\"><path d=\"M12 1.41 10.59 0 6 4.58 1.41 0 0 1.41l6 6z\" fill=\"currentColor\"\/><\/svg><\/span><\/div>\n                    <div id=\"ac-gibt_es_einen_rabatt_wenn_ich_ein_fahrrad_fr_einen_lngeren_zeitraum_miete\" class=\"pds-accordion__content\">\n                        \n\n<p>Ja, je l\u00e4nger Sie das Fahrrad mieten, desto g\u00fcnstiger ist der Tagessatz.  <br>Der korrekte Preis f\u00fcr die gew\u00e4hlte Mietdauer wird Ihnen bei der Buchung angezeigt.<\/p>\n\n\n                    <\/div>\n                <\/div>\n\n<div id=\"ist_ein_gruppenrabatt_mglich\" class=\"pds-accordion__item pds-js-accordion-item pds-no-js\" data-pds-tabs--initially-open=\"false\" data-pds-tabs--click-to-close=\"true\" data-pds-tabs--auto-close=\"true\" data-pds-tabs--scroll=\"false\" data-pds-tabs--scroll-offset=\"0\"  data-pds-tabs--icon-type=\"\" data-pds-tabs--icon=\"true\"  data-pds-tabs--icon-size=\"\" >\n                    <div id=\"at-ist_ein_gruppenrabatt_mglich\" class=\"pds-accordion__title pds-js-accordion-controller\" ><span class=\"pds-accordion__heading\" role=\"heading\" aria-level=\"3\">Ist ein Gruppenrabatt m\u00f6glich?<\/span><span class=\"pds-accordion__icon\" role=\"presentation\" aria-hidden=\"true\"><svg xmlns=\"http:\/\/www.w3.org\/2000\/svg\" viewBox=\"0 0 12 7.4099998\" width=\".75rem\" height=\".75rem\"><path d=\"M12 1.41 10.59 0 6 4.58 1.41 0 0 1.41l6 6z\" fill=\"currentColor\"\/><\/svg><\/span><\/div>\n                    <div id=\"ac-ist_ein_gruppenrabatt_mglich\" class=\"pds-accordion__content\">\n                        \n\n<p>Ja, eine Reservierung f\u00fcr gr\u00f6\u00dfere Mengen kann \u00fcber unser <strong>Anfrageformular<\/strong><br><\/p>\n\n\n                    <\/div>\n                <\/div>\n\n<div id=\"miete_ich_ein_fahrrad_auf_eigene_risico\" class=\"pds-accordion__item pds-js-accordion-item pds-no-js\" data-pds-tabs--initially-open=\"false\" data-pds-tabs--click-to-close=\"true\" data-pds-tabs--auto-close=\"true\" data-pds-tabs--scroll=\"false\" data-pds-tabs--scroll-offset=\"0\"  data-pds-tabs--icon-type=\"\" data-pds-tabs--icon=\"true\"  data-pds-tabs--icon-size=\"\" >\n                    <div id=\"at-miete_ich_ein_fahrrad_auf_eigene_risico\" class=\"pds-accordion__title pds-js-accordion-controller\" ><span class=\"pds-accordion__heading\" role=\"heading\" aria-level=\"3\">Miete ich ein Fahrrad auf eigene Risico?<\/span><span class=\"pds-accordion__icon\" role=\"presentation\" aria-hidden=\"true\"><svg xmlns=\"http:\/\/www.w3.org\/2000\/svg\" viewBox=\"0 0 12 7.4099998\" width=\".75rem\" height=\".75rem\"><path d=\"M12 1.41 10.59 0 6 4.58 1.41 0 0 1.41l6 6z\" fill=\"currentColor\"\/><\/svg><\/span><\/div>\n                    <div id=\"ac-miete_ich_ein_fahrrad_auf_eigene_risico\" class=\"pds-accordion__content\">\n                        \n\n<p>W\u00e4hrend des Buchungsvorgangs haben Sie die M\u00f6glichkeit, das Rundum-Sorglos-Reisepaket zu erwerben. Dadurch verringert sich Ihre Selbstbeteiligung im Schadens- oder Diebstahlsfall und Sie haben die M\u00f6glichkeit, zu k\u00fcndigen.<\/p>\n\n\n                    <\/div>\n                <\/div>\n\n<div id=\"ist_es_mglich_fahrrder_liefern_zu_lassen\" class=\"pds-accordion__item pds-js-accordion-item pds-no-js\" data-pds-tabs--initially-open=\"false\" data-pds-tabs--click-to-close=\"true\" data-pds-tabs--auto-close=\"true\" data-pds-tabs--scroll=\"false\" data-pds-tabs--scroll-offset=\"0\"  data-pds-tabs--icon-type=\"\" data-pds-tabs--icon=\"true\"  data-pds-tabs--icon-size=\"\" >\n                    <div id=\"at-ist_es_mglich_fahrrder_liefern_zu_lassen\" class=\"pds-accordion__title pds-js-accordion-controller\" ><span class=\"pds-accordion__heading\" role=\"heading\" aria-level=\"3\">Ist es m\u00f6glich, Fahrr\u00e4der liefern zu lassen?<\/span><span class=\"pds-accordion__icon\" role=\"presentation\" aria-hidden=\"true\"><svg xmlns=\"http:\/\/www.w3.org\/2000\/svg\" viewBox=\"0 0 12 7.4099998\" width=\".75rem\" height=\".75rem\"><path d=\"M12 1.41 10.59 0 6 4.58 1.41 0 0 1.41l6 6z\" fill=\"currentColor\"\/><\/svg><\/span><\/div>\n                    <div id=\"ac-ist_es_mglich_fahrrder_liefern_zu_lassen\" class=\"pds-accordion__content\">\n                        \n\n<p>Ja, das ist m\u00f6glich. Sie k\u00f6nnen Ihre Anfrage \u00fcber unser <a href=\"https:\/\/fietsverhuurknokke.be\/de\/anfrage-zur-lieferung\/\"><strong>Lieferanfrage<\/strong><\/a>. Sie erhalten dann von uns ein entsprechendes Angebot mit den Optionen. Es ist nicht m\u00f6glich, online eine Lieferung zu buchen.<\/p>\n\n\n                    <\/div>\n                <\/div>\n\n<div id=\"was_soll_ich_tun_wenn_ich_mit_mein_leihfahrrad_eine_panne_hat\" class=\"pds-accordion__item pds-js-accordion-item pds-no-js\" data-pds-tabs--initially-open=\"false\" data-pds-tabs--click-to-close=\"true\" data-pds-tabs--auto-close=\"true\" data-pds-tabs--scroll=\"false\" data-pds-tabs--scroll-offset=\"0\"  data-pds-tabs--icon-type=\"\" data-pds-tabs--icon=\"true\"  data-pds-tabs--icon-size=\"\" >\n                    <div id=\"at-was_soll_ich_tun_wenn_ich_mit_mein_leihfahrrad_eine_panne_hat\" class=\"pds-accordion__title pds-js-accordion-controller\" ><span class=\"pds-accordion__heading\" role=\"heading\" aria-level=\"3\">Was soll ich tun, wenn ich mit mein Leihfahrrad eine Panne hat?<\/span><span class=\"pds-accordion__icon\" role=\"presentation\" aria-hidden=\"true\"><svg xmlns=\"http:\/\/www.w3.org\/2000\/svg\" viewBox=\"0 0 12 7.4099998\" width=\".75rem\" height=\".75rem\"><path d=\"M12 1.41 10.59 0 6 4.58 1.41 0 0 1.41l6 6z\" fill=\"currentColor\"\/><\/svg><\/span><\/div>\n                    <div id=\"ac-was_soll_ich_tun_wenn_ich_mit_mein_leihfahrrad_eine_panne_hat\" class=\"pds-accordion__content\">\n                        \n\n<p>Wir tun unser Bestes, um unsere Fahrr\u00e4der in Top-Qualit\u00e4t zu halten, aber nat\u00fcrlich kann eine Panne passieren. Eine Panne sollte sofort nach ihrer Entdeckung gemeldet werden.  <br>Sie k\u00f6nnen dies ganz einfach tun, indem Sie sich an <strong>den Abholort <\/strong>wenden, an dem Sie das Fahrrad gemietet haben. Die Kontaktdaten finden Sie auf der Seite des jeweiligen Standorts auf der Website.<\/p>\n\n\n                    <\/div>\n                <\/div>\n\n<div id=\"kann_ich_mein_fahrrad_auch_auerhalb_der_ffnungszeiten_zurckgeben\" class=\"pds-accordion__item pds-js-accordion-item pds-no-js\" data-pds-tabs--initially-open=\"false\" data-pds-tabs--click-to-close=\"true\" data-pds-tabs--auto-close=\"true\" data-pds-tabs--scroll=\"false\" data-pds-tabs--scroll-offset=\"0\"  data-pds-tabs--icon-type=\"\" data-pds-tabs--icon=\"true\"  data-pds-tabs--icon-size=\"\" >\n                    <div id=\"at-kann_ich_mein_fahrrad_auch_auerhalb_der_ffnungszeiten_zurckgeben\" class=\"pds-accordion__title pds-js-accordion-controller\" ><span class=\"pds-accordion__heading\" role=\"heading\" aria-level=\"3\">Kann ich mein Fahrrad auch au\u00dferhalb der \u00d6ffnungszeiten zur\u00fcckgeben?<\/span><span class=\"pds-accordion__icon\" role=\"presentation\" aria-hidden=\"true\"><svg xmlns=\"http:\/\/www.w3.org\/2000\/svg\" viewBox=\"0 0 12 7.4099998\" width=\".75rem\" height=\".75rem\"><path d=\"M12 1.41 10.59 0 6 4.58 1.41 0 0 1.41l6 6z\" fill=\"currentColor\"\/><\/svg><\/span><\/div>\n                    <div id=\"ac-kann_ich_mein_fahrrad_auch_auerhalb_der_ffnungszeiten_zurckgeben\" class=\"pds-accordion__content\">\n                        \n\n<p>Dies ist von Standort zu Standort unterschiedlich. Diese Informationen finden Sie auf der Seite Standort  \u00fcber <em>weitere Informationen<\/em>. Die \u00d6ffnungszeiten des Veranstaltungsortes sind die Abholzeiten. Die Abgabezeiten k\u00f6nnen je nach Standort variieren.<\/p>\n\n\n                    <\/div>\n                <\/div>\n\n<div id=\"bekomme_ich_beim_mieten_eines_e_bikes_einen_vollen_akku\" class=\"pds-accordion__item pds-js-accordion-item pds-no-js\" data-pds-tabs--initially-open=\"false\" data-pds-tabs--click-to-close=\"true\" data-pds-tabs--auto-close=\"true\" data-pds-tabs--scroll=\"false\" data-pds-tabs--scroll-offset=\"0\"  data-pds-tabs--icon-type=\"\" data-pds-tabs--icon=\"true\"  data-pds-tabs--icon-size=\"\" >\n                    <div id=\"at-bekomme_ich_beim_mieten_eines_e_bikes_einen_vollen_akku\" class=\"pds-accordion__title pds-js-accordion-controller\" ><span class=\"pds-accordion__heading\" role=\"heading\" aria-level=\"3\">Bekomme ich beim Mieten eines E-Bikes einen vollen Akku?<\/span><span class=\"pds-accordion__icon\" role=\"presentation\" aria-hidden=\"true\"><svg xmlns=\"http:\/\/www.w3.org\/2000\/svg\" viewBox=\"0 0 12 7.4099998\" width=\".75rem\" height=\".75rem\"><path d=\"M12 1.41 10.59 0 6 4.58 1.41 0 0 1.41l6 6z\" fill=\"currentColor\"\/><\/svg><\/span><\/div>\n                    <div id=\"ac-bekomme_ich_beim_mieten_eines_e_bikes_einen_vollen_akku\" class=\"pds-accordion__content\">\n                        \n\n<p>Ja, Sie fahren immer mit einer vollen Batterie vom Abholort weg. Wenn Sie ein E-Bike f\u00fcr mehr als 1 Tag mieten, erhalten Sie automatisch das Ladeger\u00e4t. Wenn Sie an einem Tag eine besonders lange Fahrt unternehmen m\u00f6chten, k\u00f6nnen Sie am Abholort nach einem Ladeger\u00e4t fragen. Diese sind abh\u00e4ngig von der Verf\u00fcgbarkeit.<\/p>\n\n\n                    <\/div>\n                <\/div>\n\n<div id=\"was_ist_wenn_mein_wunschrad_nicht_verfgbar_ist\" class=\"pds-accordion__item pds-js-accordion-item pds-no-js\" data-pds-tabs--initially-open=\"false\" data-pds-tabs--click-to-close=\"true\" data-pds-tabs--auto-close=\"true\" data-pds-tabs--scroll=\"false\" data-pds-tabs--scroll-offset=\"0\"  data-pds-tabs--icon-type=\"\" data-pds-tabs--icon=\"true\"  data-pds-tabs--icon-size=\"\" >\n                    <div id=\"at-was_ist_wenn_mein_wunschrad_nicht_verfgbar_ist\" class=\"pds-accordion__title pds-js-accordion-controller\" ><span class=\"pds-accordion__heading\" role=\"heading\" aria-level=\"3\">Was ist, wenn mein Wunschrad nicht verf\u00fcgbar ist?<\/span><span class=\"pds-accordion__icon\" role=\"presentation\" aria-hidden=\"true\"><svg xmlns=\"http:\/\/www.w3.org\/2000\/svg\" viewBox=\"0 0 12 7.4099998\" width=\".75rem\" height=\".75rem\"><path d=\"M12 1.41 10.59 0 6 4.58 1.41 0 0 1.41l6 6z\" fill=\"currentColor\"\/><\/svg><\/span><\/div>\n                    <div id=\"ac-was_ist_wenn_mein_wunschrad_nicht_verfgbar_ist\" class=\"pds-accordion__content\">\n                        \n\n<p>Bei der Buchung werden Ihnen alle verf\u00fcgbaren Fahrr\u00e4der f\u00fcr den gew\u00e4hlten Zeitraum am jeweiligen Standort angezeigt. Ist Ihr Wunschfahrrad nicht dabei? Bitte wenden Sie sich an den Standort. Unser Team steht Ihnen gerne mit entsprechender Beratung zur Seite.<\/p>\n\n\n                    <\/div>\n                <\/div>\n\n<div id=\"kann_ich_mein_auto_an_diesem_standort_parken\" class=\"pds-accordion__item pds-js-accordion-item pds-no-js\" data-pds-tabs--initially-open=\"false\" data-pds-tabs--click-to-close=\"true\" data-pds-tabs--auto-close=\"true\" data-pds-tabs--scroll=\"false\" data-pds-tabs--scroll-offset=\"0\"  data-pds-tabs--icon-type=\"\" data-pds-tabs--icon=\"true\"  data-pds-tabs--icon-size=\"\" >\n                    <div id=\"at-kann_ich_mein_auto_an_diesem_standort_parken\" class=\"pds-accordion__title pds-js-accordion-controller\" ><span class=\"pds-accordion__heading\" role=\"heading\" aria-level=\"3\">Kann ich mein Auto an diesem Standort parken?<\/span><span class=\"pds-accordion__icon\" role=\"presentation\" aria-hidden=\"true\"><svg xmlns=\"http:\/\/www.w3.org\/2000\/svg\" viewBox=\"0 0 12 7.4099998\" width=\".75rem\" height=\".75rem\"><path d=\"M12 1.41 10.59 0 6 4.58 1.41 0 0 1.41l6 6z\" fill=\"currentColor\"\/><\/svg><\/span><\/div>\n                    <div id=\"ac-kann_ich_mein_auto_an_diesem_standort_parken\" class=\"pds-accordion__content\">\n                        \n\n<p>Ja, es gibt eine Reihe von Parkpl\u00e4tzen in fu\u00dfl\u00e4ufiger Entfernung zum Gesch\u00e4ft. Au\u00dferdem gibt es 300 Meter entfernt am Boulevard ein ger\u00e4umiges Parkhaus.<\/p>\n\n\n                    <\/div>\n                <\/div>\n\n                        <\/div>\n                    <\/div>\n            <\/div>","protected":false},"excerpt":{"rendered":"<p>Haben Sie eine Frage? Dann ist hier wahrscheinlich die Antwort Nachstehend haben wir eine Auswahl der am h\u00e4ufigsten gestellten Fragen zu Ihrer Buchung \u00fcber das Fietsverhuur Zeeland zusammengestellt.Haben Sie eine Frage zum Standort? Bitte w\u00e4hlen Sie den richtigen Standort auf der Seite und Sie finden alle Informationen zu diesem Standort. Ist Ihre Frage nicht dabei? [&hellip;]<\/p>\n","protected":false},"author":1,"featured_media":0,"parent":0,"menu_order":0,"comment_status":"closed","ping_status":"closed","template":"","meta":{"_acf_changed":false,"footnotes":""},"class_list":["post-5123","page","type-page","status-publish","hentry"],"acf":[],"yoast_head":"<!-- This site is optimized with the Yoast SEO plugin v25.8 - https:\/\/yoast.com\/wordpress\/plugins\/seo\/ -->\n<title>H\u00e4ufig gestellte Fragen | Fahrradverleih Knokke-Heist<\/title>\n<meta name=\"robots\" content=\"index, follow, max-snippet:-1, max-image-preview:large, max-video-preview:-1\" \/>\n<link rel=\"canonical\" href=\"https:\/\/fietsverhuurknokke.be\/de\/haeufig-gestellte-fragen\/\" \/>\n<meta property=\"og:locale\" content=\"de_DE\" \/>\n<meta property=\"og:type\" content=\"article\" \/>\n<meta property=\"og:title\" content=\"H\u00e4ufig gestellte Fragen | Fahrradverleih Knokke-Heist\" \/>\n<meta property=\"og:description\" content=\"Haben Sie eine Frage? Dann ist hier wahrscheinlich die Antwort Nachstehend haben wir eine Auswahl der am h\u00e4ufigsten gestellten Fragen zu Ihrer Buchung \u00fcber das Fietsverhuur Zeeland zusammengestellt.Haben Sie eine Frage zum Standort? Bitte w\u00e4hlen Sie den richtigen Standort auf der Seite und Sie finden alle Informationen zu diesem Standort. Ist Ihre Frage nicht dabei? [&hellip;]\" \/>\n<meta property=\"og:url\" content=\"https:\/\/fietsverhuurknokke.be\/de\/haeufig-gestellte-fragen\/\" \/>\n<meta property=\"og:site_name\" content=\"Fahrradverleih Knokke-Heist\" \/>\n<meta property=\"article:publisher\" content=\"https:\/\/www.facebook.com\/FietsverhuurZeeland\/\" \/>\n<meta property=\"article:modified_time\" content=\"2025-08-14T08:51:36+00:00\" \/>\n<meta name=\"twitter:card\" content=\"summary_large_image\" \/>\n<meta name=\"twitter:label1\" content=\"Gesch\u00e4tzte Lesezeit\" \/>\n\t<meta name=\"twitter:data1\" content=\"3\u00a0Minuten\" \/>\n<script type=\"application\/ld+json\" class=\"yoast-schema-graph\">{\"@context\":\"https:\/\/schema.org\",\"@graph\":[{\"@type\":\"WebPage\",\"@id\":\"https:\/\/fietsverhuurknokke.be\/de\/haeufig-gestellte-fragen\/\",\"url\":\"https:\/\/fietsverhuurknokke.be\/de\/haeufig-gestellte-fragen\/\",\"name\":\"H\u00e4ufig gestellte Fragen | Fahrradverleih Knokke-Heist\",\"isPartOf\":{\"@id\":\"https:\/\/fietsverhuurknokke.be\/#website\"},\"datePublished\":\"2023-10-25T14:29:15+00:00\",\"dateModified\":\"2025-08-14T08:51:36+00:00\",\"breadcrumb\":{\"@id\":\"https:\/\/fietsverhuurknokke.be\/de\/haeufig-gestellte-fragen\/#breadcrumb\"},\"inLanguage\":\"de\",\"potentialAction\":[{\"@type\":\"ReadAction\",\"target\":[\"https:\/\/fietsverhuurknokke.be\/de\/haeufig-gestellte-fragen\/\"]}]},{\"@type\":\"BreadcrumbList\",\"@id\":\"https:\/\/fietsverhuurknokke.be\/de\/haeufig-gestellte-fragen\/#breadcrumb\",\"itemListElement\":[{\"@type\":\"ListItem\",\"position\":1,\"name\":\"Home\",\"item\":\"https:\/\/fietsverhuurknokke.be\/de\/\"},{\"@type\":\"ListItem\",\"position\":2,\"name\":\"H\u00e4ufig gestellte Fragen\"}]},{\"@type\":\"WebSite\",\"@id\":\"https:\/\/fietsverhuurknokke.be\/#website\",\"url\":\"https:\/\/fietsverhuurknokke.be\/\",\"name\":\"Fietsverhuur Zeeland\",\"description\":\"Fahrradverleih in Knokke-Heist\",\"publisher\":{\"@id\":\"https:\/\/fietsverhuurknokke.be\/#organization\"},\"potentialAction\":[{\"@type\":\"SearchAction\",\"target\":{\"@type\":\"EntryPoint\",\"urlTemplate\":\"https:\/\/fietsverhuurknokke.be\/?s={search_term_string}\"},\"query-input\":{\"@type\":\"PropertyValueSpecification\",\"valueRequired\":true,\"valueName\":\"search_term_string\"}}],\"inLanguage\":\"de\"},{\"@type\":\"Organization\",\"@id\":\"https:\/\/fietsverhuurknokke.be\/#organization\",\"name\":\"Fietsverhuur Zeeland\",\"url\":\"https:\/\/fietsverhuurknokke.be\/\",\"logo\":{\"@type\":\"ImageObject\",\"inLanguage\":\"de\",\"@id\":\"https:\/\/fietsverhuurknokke.be\/#\/schema\/logo\/image\/\",\"url\":\"https:\/\/fietsverhuurknokke.be\/wp-content\/uploads\/2024\/02\/fietsverhuur_logo_retina.png\",\"contentUrl\":\"https:\/\/fietsverhuurknokke.be\/wp-content\/uploads\/2024\/02\/fietsverhuur_logo_retina.png\",\"width\":301,\"height\":181,\"caption\":\"Fietsverhuur Zeeland\"},\"image\":{\"@id\":\"https:\/\/fietsverhuurknokke.be\/#\/schema\/logo\/image\/\"},\"sameAs\":[\"https:\/\/www.facebook.com\/FietsverhuurZeeland\/\"]}]}<\/script>\n<!-- \/ Yoast SEO plugin. -->","yoast_head_json":{"title":"H\u00e4ufig gestellte Fragen | Fahrradverleih Knokke-Heist","robots":{"index":"index","follow":"follow","max-snippet":"max-snippet:-1","max-image-preview":"max-image-preview:large","max-video-preview":"max-video-preview:-1"},"canonical":"https:\/\/fietsverhuurknokke.be\/de\/haeufig-gestellte-fragen\/","og_locale":"de_DE","og_type":"article","og_title":"H\u00e4ufig gestellte Fragen | Fahrradverleih Knokke-Heist","og_description":"Haben Sie eine Frage? Dann ist hier wahrscheinlich die Antwort Nachstehend haben wir eine Auswahl der am h\u00e4ufigsten gestellten Fragen zu Ihrer Buchung \u00fcber das Fietsverhuur Zeeland zusammengestellt.Haben Sie eine Frage zum Standort? Bitte w\u00e4hlen Sie den richtigen Standort auf der Seite und Sie finden alle Informationen zu diesem Standort. Ist Ihre Frage nicht dabei? [&hellip;]","og_url":"https:\/\/fietsverhuurknokke.be\/de\/haeufig-gestellte-fragen\/","og_site_name":"Fahrradverleih Knokke-Heist","article_publisher":"https:\/\/www.facebook.com\/FietsverhuurZeeland\/","article_modified_time":"2025-08-14T08:51:36+00:00","twitter_card":"summary_large_image","twitter_misc":{"Gesch\u00e4tzte Lesezeit":"3\u00a0Minuten"},"schema":{"@context":"https:\/\/schema.org","@graph":[{"@type":"WebPage","@id":"https:\/\/fietsverhuurknokke.be\/de\/haeufig-gestellte-fragen\/","url":"https:\/\/fietsverhuurknokke.be\/de\/haeufig-gestellte-fragen\/","name":"H\u00e4ufig gestellte Fragen | Fahrradverleih Knokke-Heist","isPartOf":{"@id":"https:\/\/fietsverhuurknokke.be\/#website"},"datePublished":"2023-10-25T14:29:15+00:00","dateModified":"2025-08-14T08:51:36+00:00","breadcrumb":{"@id":"https:\/\/fietsverhuurknokke.be\/de\/haeufig-gestellte-fragen\/#breadcrumb"},"inLanguage":"de","potentialAction":[{"@type":"ReadAction","target":["https:\/\/fietsverhuurknokke.be\/de\/haeufig-gestellte-fragen\/"]}]},{"@type":"BreadcrumbList","@id":"https:\/\/fietsverhuurknokke.be\/de\/haeufig-gestellte-fragen\/#breadcrumb","itemListElement":[{"@type":"ListItem","position":1,"name":"Home","item":"https:\/\/fietsverhuurknokke.be\/de\/"},{"@type":"ListItem","position":2,"name":"H\u00e4ufig gestellte Fragen"}]},{"@type":"WebSite","@id":"https:\/\/fietsverhuurknokke.be\/#website","url":"https:\/\/fietsverhuurknokke.be\/","name":"Fietsverhuur Zeeland","description":"Fahrradverleih in Knokke-Heist","publisher":{"@id":"https:\/\/fietsverhuurknokke.be\/#organization"},"potentialAction":[{"@type":"SearchAction","target":{"@type":"EntryPoint","urlTemplate":"https:\/\/fietsverhuurknokke.be\/?s={search_term_string}"},"query-input":{"@type":"PropertyValueSpecification","valueRequired":true,"valueName":"search_term_string"}}],"inLanguage":"de"},{"@type":"Organization","@id":"https:\/\/fietsverhuurknokke.be\/#organization","name":"Fietsverhuur Zeeland","url":"https:\/\/fietsverhuurknokke.be\/","logo":{"@type":"ImageObject","inLanguage":"de","@id":"https:\/\/fietsverhuurknokke.be\/#\/schema\/logo\/image\/","url":"https:\/\/fietsverhuurknokke.be\/wp-content\/uploads\/2024\/02\/fietsverhuur_logo_retina.png","contentUrl":"https:\/\/fietsverhuurknokke.be\/wp-content\/uploads\/2024\/02\/fietsverhuur_logo_retina.png","width":301,"height":181,"caption":"Fietsverhuur Zeeland"},"image":{"@id":"https:\/\/fietsverhuurknokke.be\/#\/schema\/logo\/image\/"},"sameAs":["https:\/\/www.facebook.com\/FietsverhuurZeeland\/"]}]}},"_links":{"self":[{"href":"https:\/\/fietsverhuurknokke.be\/de\/wp-json\/wp\/v2\/pages\/5123","targetHints":{"allow":["GET"]}}],"collection":[{"href":"https:\/\/fietsverhuurknokke.be\/de\/wp-json\/wp\/v2\/pages"}],"about":[{"href":"https:\/\/fietsverhuurknokke.be\/de\/wp-json\/wp\/v2\/types\/page"}],"author":[{"embeddable":true,"href":"https:\/\/fietsverhuurknokke.be\/de\/wp-json\/wp\/v2\/users\/1"}],"replies":[{"embeddable":true,"href":"https:\/\/fietsverhuurknokke.be\/de\/wp-json\/wp\/v2\/comments?post=5123"}],"version-history":[{"count":7,"href":"https:\/\/fietsverhuurknokke.be\/de\/wp-json\/wp\/v2\/pages\/5123\/revisions"}],"predecessor-version":[{"id":8575,"href":"https:\/\/fietsverhuurknokke.be\/de\/wp-json\/wp\/v2\/pages\/5123\/revisions\/8575"}],"wp:attachment":[{"href":"https:\/\/fietsverhuurknokke.be\/de\/wp-json\/wp\/v2\/media?parent=5123"}],"curies":[{"name":"wp","href":"https:\/\/api.w.org\/{rel}","templated":true}]}}